{"id":7276,"date":"2024-07-22T16:40:35","date_gmt":"2024-07-22T14:40:35","guid":{"rendered":"https:\/\/atschool.lu\/childcares\/creche-et-foyer-de-jour-la-luciole-2-gasperich\/"},"modified":"2024-11-27T16:31:31","modified_gmt":"2024-11-27T14:31:31","slug":"creche-et-foyer-de-jour-la-luciole-2-gasperich","status":"publish","type":"childcare","link":"https:\/\/atschool.lu\/en\/childcare\/creche-et-foyer-de-jour-la-luciole-2-gasperich\/","title":{"rendered":"Cr\u00e9che et Foyer de jour La Luciole 2 &#8211; Gasperich"},"content":{"rendered":"","protected":false},"featured_media":0,"template":"","childcare-type":[496,505],"childcare_location":[644,886],"class_list":["post-7276","childcare","type-childcare","status-publish","hentry","childcare-type-creches","childcare-type-maisons-relais","childcare_location-luxembourg","childcare_location-luxembourg-gasperich"],"acf":{"profile_picture":false,"name_surname":"Ms. Amina Guazou","function":"Executive Officer","opening_hours":"","call_school":"26187948","send_email":"info2@luciole.lu","facebook":"","instagram":"","linkedin":"","address":"161 Route d'Esch L-1471 Luxembourg","description_text":"<p>La Luciole 2 \u00e0 Gasperich a ouvert ses portes en 1999. Id\u00e9alement situ\u00e9e \u00e0 deux pas de la Cloche d\u0092Or, cette grande maison familiale allie chaleur et modernit\u00e9, au sein de laquelle une \u00e9quipe exp\u00e9riment\u00e9e et bienveillante accueille vos enfants du lundi au vendredi de 7h00 \u00e0 19h00.<\/p>\n<p>?<\/p>\n<p>La famille \u00e9tant notre priorit\u00e9, nous accompagnons vos enfants de 0 \u00e0 12 ans.  En effet, la structure dispose de deux groupes cr\u00e8che (0-2 ans et 2-4ans) ainsi que d\u0092un foyer de jour accueillant les enfants de l\u0092\u00e9cole fran\u00e7aise Vauban de 2 \u00e0 12 ans. Nos \u00e9ducatrices assurent chaque jour les transports entre l\u0092\u00e9cole et la structure. Cette organisation vous dispense de trajets superflus et vous permet de r\u00e9cup\u00e9rer toute votre famille au m\u00eame endroit, en vous stationnant sur notre parking priv\u00e9 devant la cr\u00e8che.<\/p>\n<p>?<\/p>\n<p>Notre jardin, ainsi que le parc de Gasperich situ\u00e9 \u00e0 200m de la structure, repr\u00e9sentent un terrain de jeux et d\u0092explorations id\u00e9al pour nos sorties quotidiennes.<\/p>\n<p>Nos \u00e9ducatrices s\u0092expriment quotidiennement en fran\u00e7ais, et en luxembourgeois.<\/p>\n<p>?<\/p>\n<p>La mise en contact naturelle avec le fran\u00e7ais est importante au quotidien puisque le fran\u00e7ais fait partie de la r\u00e9alit\u00e9 linguistique et scolaire du pays, quant au luxembourgeois, une familiarisation des jeunes enfants avec cette langue sera pour eux une chance de faciliter leur int\u00e9gration au sein du pays, et c\u0092est \u00e9galement l\u0092occasion de se pr\u00e9parer \u00e0 l\u0092alphab\u00e9tisation en allemand, l\u0092une des trois langues officielles du Luxembourg.<\/p>\n<p>?<\/p>\n<p>Charg\u00e9e de Direction : Amina GUAZOU<\/p>\n","hero_image":"https:\/\/atschool.lu\/wp-content\/uploads\/2024\/07\/creche-la-luciole-gasperich-2-15.jpg","logo":"https:\/\/atschool.lu\/wp-content\/uploads\/2024\/07\/5f1e74_dbcaae5242334e4a8607742d01b6a581mv2-4.png","website":"https:\/\/www.luciole.lu\/2-gasperich","virtual_tour_tag":"Yes","virtual_tour":"","video":"https:\/\/www.youtube.com\/watch?v=2oD29ewWgTU","pictures":false,"brochure":"","customer_type":"Free","name_as_title":"Cr\u00e9che et Foyer de jour La Luciole 2 - Gasperich","nb_students":"","nb_of_educator":"","age_range-from":"0","age_range-to":"12","sector":"Private","language":["English","German","French","Italian","Luxembourgish"],"reviews":"ChIJGeVGmnVJlUcR7_nfyY2GQH4","childcare_services":"<p>Family nursery<br \/>\n Personalized and transparent relationship with parents<br \/>\n Qualified and continuously trained staff<br \/>\n Professional external speakers<br \/>\n Flexible hours<br \/>\n Membership of the CSA<br \/>\n Cr\u00e8che perfectly located on a road leading to the city center and the train station, with parking spaces available<br \/>\n Interior and exterior space designed, adapted and designed for children<br \/>\n Transport of school children from their school to our structure<\/p>\n","daycare_services":""},"yoast_head":"<!-- This site is optimized with the Yoast SEO plugin v27.5 - https:\/\/yoast.com\/product\/yoast-seo-wordpress\/ -->\n<title>Cr\u00e9che et Foyer de jour La Luciole 2 - Gasperich<\/title>\n<meta name=\"robots\" content=\"index, follow, max-snippet:-1, max-image-preview:large, max-video-preview:-1\" \/>\n<link rel=\"canonical\" href=\"https:\/\/atschool.lu\/childcare\/creche-et-foyer-de-jour-la-luciole-2-gasperich\/\" \/>\n<meta property=\"og:locale\" content=\"en_US\" \/>\n<meta property=\"og:type\" content=\"article\" \/>\n<meta property=\"og:title\" content=\"Cr\u00e9che et Foyer de jour La Luciole 2 - Gasperich\" \/>\n<meta property=\"og:url\" content=\"https:\/\/atschool.lu\/childcare\/creche-et-foyer-de-jour-la-luciole-2-gasperich\/\" \/>\n<meta property=\"og:site_name\" content=\"atSchool.lu\" \/>\n<meta property=\"article:modified_time\" content=\"2024-11-27T14:31:31+00:00\" \/>\n<meta name=\"twitter:card\" content=\"summary_large_image\" \/>\n<script type=\"application\/ld+json\" class=\"yoast-schema-graph\">{\"@context\":\"https:\\\/\\\/schema.org\",\"@graph\":[{\"@type\":\"WebPage\",\"@id\":\"https:\\\/\\\/atschool.lu\\\/childcare\\\/creche-et-foyer-de-jour-la-luciole-2-gasperich\\\/\",\"url\":\"https:\\\/\\\/atschool.lu\\\/childcare\\\/creche-et-foyer-de-jour-la-luciole-2-gasperich\\\/\",\"name\":\"Cr\u00e9che et Foyer de jour La Luciole 2 - Gasperich\",\"isPartOf\":{\"@id\":\"https:\\\/\\\/atschool.lu\\\/#website\"},\"datePublished\":\"2024-07-22T14:40:35+00:00\",\"dateModified\":\"2024-11-27T14:31:31+00:00\",\"breadcrumb\":{\"@id\":\"https:\\\/\\\/atschool.lu\\\/childcare\\\/creche-et-foyer-de-jour-la-luciole-2-gasperich\\\/#breadcrumb\"},\"inLanguage\":\"en-US\",\"potentialAction\":[{\"@type\":\"ReadAction\",\"target\":[\"https:\\\/\\\/atschool.lu\\\/childcare\\\/creche-et-foyer-de-jour-la-luciole-2-gasperich\\\/\"]}]},{\"@type\":\"BreadcrumbList\",\"@id\":\"https:\\\/\\\/atschool.lu\\\/childcare\\\/creche-et-foyer-de-jour-la-luciole-2-gasperich\\\/#breadcrumb\",\"itemListElement\":[{\"@type\":\"ListItem\",\"position\":1,\"name\":\"Home\",\"item\":\"https:\\\/\\\/atschool.lu\\\/en\\\/\"},{\"@type\":\"ListItem\",\"position\":2,\"name\":\"Childcare\",\"item\":\"https:\\\/\\\/atschool.lu\\\/childcare\\\/\"},{\"@type\":\"ListItem\",\"position\":3,\"name\":\"Cr\u00e9che et Foyer de jour La Luciole 2 &#8211; Gasperich\"}]},{\"@type\":\"WebSite\",\"@id\":\"https:\\\/\\\/atschool.lu\\\/#website\",\"url\":\"https:\\\/\\\/atschool.lu\\\/\",\"name\":\"atSchool.lu\",\"description\":\"Find the right School in Luxembourg\",\"publisher\":{\"@id\":\"https:\\\/\\\/atschool.lu\\\/#organization\"},\"potentialAction\":[{\"@type\":\"SearchAction\",\"target\":{\"@type\":\"EntryPoint\",\"urlTemplate\":\"https:\\\/\\\/atschool.lu\\\/?s={search_term_string}\"},\"query-input\":{\"@type\":\"PropertyValueSpecification\",\"valueRequired\":true,\"valueName\":\"search_term_string\"}}],\"inLanguage\":\"en-US\"},{\"@type\":\"Organization\",\"@id\":\"https:\\\/\\\/atschool.lu\\\/#organization\",\"name\":\"atSchool.lu\",\"url\":\"https:\\\/\\\/atschool.lu\\\/\",\"logo\":{\"@type\":\"ImageObject\",\"inLanguage\":\"en-US\",\"@id\":\"https:\\\/\\\/atschool.lu\\\/#\\\/schema\\\/logo\\\/image\\\/\",\"url\":\"https:\\\/\\\/atschool.lu\\\/wp-content\\\/uploads\\\/2024\\\/04\\\/Logo-atSchool.svg\",\"contentUrl\":\"https:\\\/\\\/atschool.lu\\\/wp-content\\\/uploads\\\/2024\\\/04\\\/Logo-atSchool.svg\",\"width\":119,\"height\":46,\"caption\":\"atSchool.lu\"},\"image\":{\"@id\":\"https:\\\/\\\/atschool.lu\\\/#\\\/schema\\\/logo\\\/image\\\/\"}}]}<\/script>\n<!-- \/ Yoast SEO plugin. -->","yoast_head_json":{"title":"Cr\u00e9che et Foyer de jour La Luciole 2 - Gasperich","robots":{"index":"index","follow":"follow","max-snippet":"max-snippet:-1","max-image-preview":"max-image-preview:large","max-video-preview":"max-video-preview:-1"},"canonical":"https:\/\/atschool.lu\/childcare\/creche-et-foyer-de-jour-la-luciole-2-gasperich\/","og_locale":"en_US","og_type":"article","og_title":"Cr\u00e9che et Foyer de jour La Luciole 2 - Gasperich","og_url":"https:\/\/atschool.lu\/childcare\/creche-et-foyer-de-jour-la-luciole-2-gasperich\/","og_site_name":"atSchool.lu","article_modified_time":"2024-11-27T14:31:31+00:00","twitter_card":"summary_large_image","schema":{"@context":"https:\/\/schema.org","@graph":[{"@type":"WebPage","@id":"https:\/\/atschool.lu\/childcare\/creche-et-foyer-de-jour-la-luciole-2-gasperich\/","url":"https:\/\/atschool.lu\/childcare\/creche-et-foyer-de-jour-la-luciole-2-gasperich\/","name":"Cr\u00e9che et Foyer de jour La Luciole 2 - Gasperich","isPartOf":{"@id":"https:\/\/atschool.lu\/#website"},"datePublished":"2024-07-22T14:40:35+00:00","dateModified":"2024-11-27T14:31:31+00:00","breadcrumb":{"@id":"https:\/\/atschool.lu\/childcare\/creche-et-foyer-de-jour-la-luciole-2-gasperich\/#breadcrumb"},"inLanguage":"en-US","potentialAction":[{"@type":"ReadAction","target":["https:\/\/atschool.lu\/childcare\/creche-et-foyer-de-jour-la-luciole-2-gasperich\/"]}]},{"@type":"BreadcrumbList","@id":"https:\/\/atschool.lu\/childcare\/creche-et-foyer-de-jour-la-luciole-2-gasperich\/#breadcrumb","itemListElement":[{"@type":"ListItem","position":1,"name":"Home","item":"https:\/\/atschool.lu\/en\/"},{"@type":"ListItem","position":2,"name":"Childcare","item":"https:\/\/atschool.lu\/childcare\/"},{"@type":"ListItem","position":3,"name":"Cr\u00e9che et Foyer de jour La Luciole 2 &#8211; Gasperich"}]},{"@type":"WebSite","@id":"https:\/\/atschool.lu\/#website","url":"https:\/\/atschool.lu\/","name":"atSchool.lu","description":"Find the right School in Luxembourg","publisher":{"@id":"https:\/\/atschool.lu\/#organization"},"potentialAction":[{"@type":"SearchAction","target":{"@type":"EntryPoint","urlTemplate":"https:\/\/atschool.lu\/?s={search_term_string}"},"query-input":{"@type":"PropertyValueSpecification","valueRequired":true,"valueName":"search_term_string"}}],"inLanguage":"en-US"},{"@type":"Organization","@id":"https:\/\/atschool.lu\/#organization","name":"atSchool.lu","url":"https:\/\/atschool.lu\/","logo":{"@type":"ImageObject","inLanguage":"en-US","@id":"https:\/\/atschool.lu\/#\/schema\/logo\/image\/","url":"https:\/\/atschool.lu\/wp-content\/uploads\/2024\/04\/Logo-atSchool.svg","contentUrl":"https:\/\/atschool.lu\/wp-content\/uploads\/2024\/04\/Logo-atSchool.svg","width":119,"height":46,"caption":"atSchool.lu"},"image":{"@id":"https:\/\/atschool.lu\/#\/schema\/logo\/image\/"}}]}},"jetpack_sharing_enabled":true,"_links":{"self":[{"href":"https:\/\/atschool.lu\/en\/wp-json\/wp\/v2\/childcare\/7276","targetHints":{"allow":["GET"]}}],"collection":[{"href":"https:\/\/atschool.lu\/en\/wp-json\/wp\/v2\/childcare"}],"about":[{"href":"https:\/\/atschool.lu\/en\/wp-json\/wp\/v2\/types\/childcare"}],"wp:attachment":[{"href":"https:\/\/atschool.lu\/en\/wp-json\/wp\/v2\/media?parent=7276"}],"wp:term":[{"taxonomy":"childcare-type","embeddable":true,"href":"https:\/\/atschool.lu\/en\/wp-json\/wp\/v2\/childcare-type?post=7276"},{"taxonomy":"childcare_location","embeddable":true,"href":"https:\/\/atschool.lu\/en\/wp-json\/wp\/v2\/childcare_location?post=7276"}],"curies":[{"name":"wp","href":"https:\/\/api.w.org\/{rel}","templated":true}]}}