{"id":7548,"date":"2024-07-22T16:59:42","date_gmt":"2024-07-22T14:59:42","guid":{"rendered":"https:\/\/atschool.lu\/childcares\/creche-barbara-de-kehlen\/"},"modified":"2024-09-27T19:27:34","modified_gmt":"2024-09-27T17:27:34","slug":"creche-barbara-de-kehlen","status":"publish","type":"childcare","link":"https:\/\/atschool.lu\/en\/childcare\/creche-barbara-de-kehlen\/","title":{"rendered":"Cr\u00e8che Barbara de Kehlen"},"content":{"rendered":"","protected":false},"featured_media":0,"template":"","childcare-type":[496],"childcare_location":[805],"class_list":["post-7548","childcare","type-childcare","status-publish","hentry","childcare-type-creches","childcare_location-kehlen"],"acf":{"profile_picture":false,"name_surname":"Mr. Raffaele Carletti","function":"Director","opening_hours":"","call_school":"26123645","send_email":"info@crechebarbara.lu","facebook":"","instagram":"","linkedin":"","address":"1, bei der Eech L-8283 Kehlen","description_text":"<p>Le r\u00e9seau de Cr\u00e8ches et Foyers de Jour Barbara et Tiramis\u00f9 ouvrira une nouvelle structure Barbara en septembre 2024 \u00e0 Kehlen au 1 bei der Eech !<\/p>\n<p>Pour toute pr\u00e9-inscription ou demande d\u0092informations merci de bien vouloir contacter le si\u00e8ge social au +352 26 12 36 45<br \/>\nou par mail : info@crechebarbara.lu<\/p>\n<p>A tr\u00e8s vite !<\/p>\n<p>Une \u00e9ducation positive et bienveillante<br \/>\nLa cr\u00e8che Barbara de Kehlen favorise l\u0092\u00e9panouissement des tout-petits en valorisant leur individualit\u00e9 et en encourageant l\u0092expression de leurs \u00e9motions. Elle repose sur des interactions respectueuses et des m\u00e9thodes \u00e9ducatives qui privil\u00e9gient le dialogue et la coop\u00e9ration, cr\u00e9ant ainsi un environnement s\u00e9curisant et propice \u00e0 leur d\u00e9veloppement harmonieux.<\/p>\n<p>La p\u00e9dagogie Reggio Emilia<br \/>\nLa p\u00e9dagogie de la cr\u00e8che s\u0092inspire de la d\u00e9marche Reggio Emilia, qui favorise l\u0092apprentissage par la d\u00e9couverte et l\u0092exp\u00e9rimentation, notamment autour de l\u0092Art, du Vivant et de la Nature. L\u0092\u00e9quipe p\u00e9dagogique s\u0092est form\u00e9e \u00e0 l\u0092approche Reggio Emilia et adh\u00e8re pleinement \u00e0 cette d\u00e9marche qui renforce la cr\u00e9ativit\u00e9 des enfants et le d\u00e9veloppement de leurs talents. Des ateliers innovants sont r\u00e9guli\u00e8rement mis en place au sein de la cr\u00e8che pour \u00e9veiller les petits et r\u00e9servent de belles surprises aux enfants.<br \/>\nUne atelierista (artiste \u00e9ducateur) vient \u00e9galement installer des am\u00e9nagements \u00e9ph\u00e9m\u00e8res au sein des Cr\u00e8ches et Foyers de Jour Barbara et Tiramis\u00f9 suscitant curiosit\u00e9 et \u00e9merveillement de tous.<\/p>\n<p>Un environnement haut de gamme<br \/>\nParmi \u00ab les droits de l\u0092enfant \u00bb \u00e9nonc\u00e9s dans l\u0092approche Reggio Emilia figure \u00ab l\u0092acc\u00e8s \u00e0 la qualit\u00e9 et \u00e0 la beaut\u00e9 \u00bb. La Cr\u00e8che Barbara de Kehlen est un lieu d\u0092accueil s\u00e9curis\u00e9 et adapt\u00e9 mais aussi chaleureux et esth\u00e9tique. L\u0092am\u00e9nagement de la cr\u00e8che est con\u00e7u pour nourrir d\u00e9couvertes, explorations et apprentissages, gr\u00e2ce \u00e0 un travail esth\u00e9tique r\u00e9fl\u00e9chi autour des couleurs et des jeux de lumi\u00e8re.<\/p>\n<p>Loris Malaguzzi, fondateur de la p\u00e9dagogie Reggio Emilia le dit bien : \u00ab Les enfants ont besoin de libert\u00e9s pour appr\u00e9cier les infinies ressources de leurs mains, de leurs yeux et de leurs oreilles, les ressources des formes, des mat\u00e9riaux, des sons et des couleurs. \u00bb<\/p>\n<p>Des espaces stimulants<br \/>\nS\u0092inspirant de l\u0092approche p\u00e9dagogique Reggio Emilia, l\u0092\u00e9quipe de la Cr\u00e8che Barbara est form\u00e9e pour accompagner les enfants sur le chemin de l\u0092autonomie. Les ateliers en lien avec la Nature, le monde du Vivant et l\u0092Art sont renouvel\u00e9s tr\u00e8s souvent par l\u0092\u00e9quipe \u00e9ducative.<\/p>\n<p>Une \u00e9quipe multilingue<br \/>\nL\u0092\u00e9quipe est compos\u00e9e d\u0092\u00e9ducateurs\/trices, d\u0092instituteurs\/trices, d\u0092auxiliaires de vie, d\u0092une musicienne et d\u0092une atelierista (artiste \u00e9ducateur). Les langues \u0096 natives \u0096 pratiqu\u00e9es sont le luxembourgeois, le fran\u00e7ais, l\u0092allemand, l\u0092italien, le portugais et l\u0092anglais.<\/p>\n<p>Un partenariat \u00e9ducatif avec les parents<br \/>\nEntre l\u0092\u00e9quipe \u00e9ducative et les parents, il existe un vrai partenariat. Au-del\u00e0 de l\u0092accueil, notre volont\u00e9 est de cr\u00e9er une compl\u00e9mentarit\u00e9 avec les familles en favorisant les \u00e9changes. Les familles sont par ailleurs invit\u00e9es \u00e0 participer \u00e0 diverses animations tout au long de l\u0092ann\u00e9e au sein de la Cr\u00e8che. Chaque semaine, des outils de communication pr\u00e9sentent les activit\u00e9s organis\u00e9es dans la structure.<\/p>\n","hero_image":false,"logo":"https:\/\/atschool.lu\/wp-content\/uploads\/2024\/07\/barbara_logo_color-4.svg","website":"https:\/\/www.crechebarbara.lu\/creche\/creche-de-kehlen\/","virtual_tour_tag":"Yes","virtual_tour":"","video":"","pictures":false,"brochure":"","customer_type":"Free","name_as_title":"Cr\u00e8che Barbara de Kehlen","nb_students":"","nb_of_educator":"","age_range-from":"0","age_range-to":"4","sector":"Private","language":["German","English","French","Luxembourgish","Portuguese","Italian"],"reviews":"ChIJY321t6BNlUcRNa1RAAEnu_w","childcare_services":"","daycare_services":""},"yoast_head":"<!-- This site is optimized with the Yoast SEO plugin v27.5 - https:\/\/yoast.com\/product\/yoast-seo-wordpress\/ -->\n<title>Cr\u00e8che Barbara de Kehlen<\/title>\n<meta name=\"robots\" content=\"index, follow, max-snippet:-1, max-image-preview:large, max-video-preview:-1\" \/>\n<link rel=\"canonical\" href=\"https:\/\/atschool.lu\/childcare\/creche-barbara-de-kehlen\/\" \/>\n<meta property=\"og:locale\" content=\"en_US\" \/>\n<meta property=\"og:type\" content=\"article\" \/>\n<meta property=\"og:title\" content=\"Cr\u00e8che Barbara de Kehlen\" \/>\n<meta property=\"og:url\" content=\"https:\/\/atschool.lu\/childcare\/creche-barbara-de-kehlen\/\" \/>\n<meta property=\"og:site_name\" content=\"atSchool.lu\" \/>\n<meta property=\"article:modified_time\" content=\"2024-09-27T17:27:34+00:00\" \/>\n<meta name=\"twitter:card\" content=\"summary_large_image\" \/>\n<script type=\"application\/ld+json\" class=\"yoast-schema-graph\">{\"@context\":\"https:\\\/\\\/schema.org\",\"@graph\":[{\"@type\":\"WebPage\",\"@id\":\"https:\\\/\\\/atschool.lu\\\/childcare\\\/creche-barbara-de-kehlen\\\/\",\"url\":\"https:\\\/\\\/atschool.lu\\\/childcare\\\/creche-barbara-de-kehlen\\\/\",\"name\":\"Cr\u00e8che Barbara de Kehlen\",\"isPartOf\":{\"@id\":\"https:\\\/\\\/atschool.lu\\\/#website\"},\"datePublished\":\"2024-07-22T14:59:42+00:00\",\"dateModified\":\"2024-09-27T17:27:34+00:00\",\"breadcrumb\":{\"@id\":\"https:\\\/\\\/atschool.lu\\\/childcare\\\/creche-barbara-de-kehlen\\\/#breadcrumb\"},\"inLanguage\":\"en-US\",\"potentialAction\":[{\"@type\":\"ReadAction\",\"target\":[\"https:\\\/\\\/atschool.lu\\\/childcare\\\/creche-barbara-de-kehlen\\\/\"]}]},{\"@type\":\"BreadcrumbList\",\"@id\":\"https:\\\/\\\/atschool.lu\\\/childcare\\\/creche-barbara-de-kehlen\\\/#breadcrumb\",\"itemListElement\":[{\"@type\":\"ListItem\",\"position\":1,\"name\":\"Home\",\"item\":\"https:\\\/\\\/atschool.lu\\\/en\\\/\"},{\"@type\":\"ListItem\",\"position\":2,\"name\":\"Childcare\",\"item\":\"https:\\\/\\\/atschool.lu\\\/childcare\\\/\"},{\"@type\":\"ListItem\",\"position\":3,\"name\":\"Cr\u00e8che Barbara de Kehlen\"}]},{\"@type\":\"WebSite\",\"@id\":\"https:\\\/\\\/atschool.lu\\\/#website\",\"url\":\"https:\\\/\\\/atschool.lu\\\/\",\"name\":\"atSchool.lu\",\"description\":\"Find the right School in Luxembourg\",\"publisher\":{\"@id\":\"https:\\\/\\\/atschool.lu\\\/#organization\"},\"potentialAction\":[{\"@type\":\"SearchAction\",\"target\":{\"@type\":\"EntryPoint\",\"urlTemplate\":\"https:\\\/\\\/atschool.lu\\\/?s={search_term_string}\"},\"query-input\":{\"@type\":\"PropertyValueSpecification\",\"valueRequired\":true,\"valueName\":\"search_term_string\"}}],\"inLanguage\":\"en-US\"},{\"@type\":\"Organization\",\"@id\":\"https:\\\/\\\/atschool.lu\\\/#organization\",\"name\":\"atSchool.lu\",\"url\":\"https:\\\/\\\/atschool.lu\\\/\",\"logo\":{\"@type\":\"ImageObject\",\"inLanguage\":\"en-US\",\"@id\":\"https:\\\/\\\/atschool.lu\\\/#\\\/schema\\\/logo\\\/image\\\/\",\"url\":\"https:\\\/\\\/atschool.lu\\\/wp-content\\\/uploads\\\/2024\\\/04\\\/Logo-atSchool.svg\",\"contentUrl\":\"https:\\\/\\\/atschool.lu\\\/wp-content\\\/uploads\\\/2024\\\/04\\\/Logo-atSchool.svg\",\"width\":119,\"height\":46,\"caption\":\"atSchool.lu\"},\"image\":{\"@id\":\"https:\\\/\\\/atschool.lu\\\/#\\\/schema\\\/logo\\\/image\\\/\"}}]}<\/script>\n<!-- \/ Yoast SEO plugin. -->","yoast_head_json":{"title":"Cr\u00e8che Barbara de Kehlen","robots":{"index":"index","follow":"follow","max-snippet":"max-snippet:-1","max-image-preview":"max-image-preview:large","max-video-preview":"max-video-preview:-1"},"canonical":"https:\/\/atschool.lu\/childcare\/creche-barbara-de-kehlen\/","og_locale":"en_US","og_type":"article","og_title":"Cr\u00e8che Barbara de Kehlen","og_url":"https:\/\/atschool.lu\/childcare\/creche-barbara-de-kehlen\/","og_site_name":"atSchool.lu","article_modified_time":"2024-09-27T17:27:34+00:00","twitter_card":"summary_large_image","schema":{"@context":"https:\/\/schema.org","@graph":[{"@type":"WebPage","@id":"https:\/\/atschool.lu\/childcare\/creche-barbara-de-kehlen\/","url":"https:\/\/atschool.lu\/childcare\/creche-barbara-de-kehlen\/","name":"Cr\u00e8che Barbara de Kehlen","isPartOf":{"@id":"https:\/\/atschool.lu\/#website"},"datePublished":"2024-07-22T14:59:42+00:00","dateModified":"2024-09-27T17:27:34+00:00","breadcrumb":{"@id":"https:\/\/atschool.lu\/childcare\/creche-barbara-de-kehlen\/#breadcrumb"},"inLanguage":"en-US","potentialAction":[{"@type":"ReadAction","target":["https:\/\/atschool.lu\/childcare\/creche-barbara-de-kehlen\/"]}]},{"@type":"BreadcrumbList","@id":"https:\/\/atschool.lu\/childcare\/creche-barbara-de-kehlen\/#breadcrumb","itemListElement":[{"@type":"ListItem","position":1,"name":"Home","item":"https:\/\/atschool.lu\/en\/"},{"@type":"ListItem","position":2,"name":"Childcare","item":"https:\/\/atschool.lu\/childcare\/"},{"@type":"ListItem","position":3,"name":"Cr\u00e8che Barbara de Kehlen"}]},{"@type":"WebSite","@id":"https:\/\/atschool.lu\/#website","url":"https:\/\/atschool.lu\/","name":"atSchool.lu","description":"Find the right School in Luxembourg","publisher":{"@id":"https:\/\/atschool.lu\/#organization"},"potentialAction":[{"@type":"SearchAction","target":{"@type":"EntryPoint","urlTemplate":"https:\/\/atschool.lu\/?s={search_term_string}"},"query-input":{"@type":"PropertyValueSpecification","valueRequired":true,"valueName":"search_term_string"}}],"inLanguage":"en-US"},{"@type":"Organization","@id":"https:\/\/atschool.lu\/#organization","name":"atSchool.lu","url":"https:\/\/atschool.lu\/","logo":{"@type":"ImageObject","inLanguage":"en-US","@id":"https:\/\/atschool.lu\/#\/schema\/logo\/image\/","url":"https:\/\/atschool.lu\/wp-content\/uploads\/2024\/04\/Logo-atSchool.svg","contentUrl":"https:\/\/atschool.lu\/wp-content\/uploads\/2024\/04\/Logo-atSchool.svg","width":119,"height":46,"caption":"atSchool.lu"},"image":{"@id":"https:\/\/atschool.lu\/#\/schema\/logo\/image\/"}}]}},"jetpack_sharing_enabled":true,"_links":{"self":[{"href":"https:\/\/atschool.lu\/en\/wp-json\/wp\/v2\/childcare\/7548","targetHints":{"allow":["GET"]}}],"collection":[{"href":"https:\/\/atschool.lu\/en\/wp-json\/wp\/v2\/childcare"}],"about":[{"href":"https:\/\/atschool.lu\/en\/wp-json\/wp\/v2\/types\/childcare"}],"wp:attachment":[{"href":"https:\/\/atschool.lu\/en\/wp-json\/wp\/v2\/media?parent=7548"}],"wp:term":[{"taxonomy":"childcare-type","embeddable":true,"href":"https:\/\/atschool.lu\/en\/wp-json\/wp\/v2\/childcare-type?post=7548"},{"taxonomy":"childcare_location","embeddable":true,"href":"https:\/\/atschool.lu\/en\/wp-json\/wp\/v2\/childcare_location?post=7548"}],"curies":[{"name":"wp","href":"https:\/\/api.w.org\/{rel}","templated":true}]}}