{"id":7550,"date":"2024-07-22T17:00:04","date_gmt":"2024-07-22T15:00:04","guid":{"rendered":"https:\/\/atschool.lu\/childcares\/creche-barbara-de-esch-sur-alzette\/"},"modified":"2024-09-27T19:27:36","modified_gmt":"2024-09-27T17:27:36","slug":"creche-barbara-de-esch-sur-alzette","status":"publish","type":"childcare","link":"https:\/\/atschool.lu\/en\/childcare\/creche-barbara-de-esch-sur-alzette\/","title":{"rendered":"Cr\u00e8che Barbara de Esch-sur-Alzette"},"content":{"rendered":"","protected":false},"featured_media":0,"template":"","childcare-type":[496],"childcare_location":[667],"class_list":["post-7550","childcare","type-childcare","status-publish","hentry","childcare-type-creches","childcare_location-esch-sur-alzette"],"acf":{"profile_picture":{"ID":10588,"id":10588,"title":"joelle3-aspect-ratio-300-300.jpg","filename":"joelle3-aspect-ratio-300-300.jpg","filesize":8123,"url":"https:\/\/atschool.lu\/wp-content\/uploads\/2024\/07\/joelle3-aspect-ratio-300-300.jpg","link":"https:\/\/atschool.lu\/en\/childcare\/creche-barbara-de-esch-sur-alzette\/joelle3-aspect-ratio-300-300-jpg\/","alt":"","author":"9","description":"","caption":"","name":"joelle3-aspect-ratio-300-300-jpg","status":"inherit","uploaded_to":7550,"date":"2024-07-22 15:00:10","modified":"2024-07-22 15:00:10","menu_order":0,"mime_type":"image\/jpeg","type":"image","subtype":"jpeg","icon":"https:\/\/atschool.lu\/wp-includes\/images\/media\/default.png","width":234,"height":234,"sizes":{"thumbnail":"https:\/\/atschool.lu\/wp-content\/uploads\/2024\/07\/joelle3-aspect-ratio-300-300-150x150.jpg?crop=1","thumbnail-width":150,"thumbnail-height":150,"medium":"https:\/\/atschool.lu\/wp-content\/uploads\/2024\/07\/joelle3-aspect-ratio-300-300.jpg","medium-width":234,"medium-height":234,"medium_large":"https:\/\/atschool.lu\/wp-content\/uploads\/2024\/07\/joelle3-aspect-ratio-300-300.jpg","medium_large-width":234,"medium_large-height":234,"large":"https:\/\/atschool.lu\/wp-content\/uploads\/2024\/07\/joelle3-aspect-ratio-300-300.jpg","large-width":234,"large-height":234,"1536x1536":"https:\/\/atschool.lu\/wp-content\/uploads\/2024\/07\/joelle3-aspect-ratio-300-300.jpg","1536x1536-width":234,"1536x1536-height":234,"2048x2048":"https:\/\/atschool.lu\/wp-content\/uploads\/2024\/07\/joelle3-aspect-ratio-300-300.jpg","2048x2048-width":234,"2048x2048-height":234,"newspack-article-block-landscape-large":"https:\/\/atschool.lu\/wp-content\/uploads\/2024\/07\/joelle3-aspect-ratio-300-300.jpg","newspack-article-block-landscape-large-width":234,"newspack-article-block-landscape-large-height":234,"newspack-article-block-portrait-large":"https:\/\/atschool.lu\/wp-content\/uploads\/2024\/07\/joelle3-aspect-ratio-300-300.jpg","newspack-article-block-portrait-large-width":234,"newspack-article-block-portrait-large-height":234,"newspack-article-block-square-large":"https:\/\/atschool.lu\/wp-content\/uploads\/2024\/07\/joelle3-aspect-ratio-300-300.jpg","newspack-article-block-square-large-width":234,"newspack-article-block-square-large-height":234,"newspack-article-block-landscape-medium":"https:\/\/atschool.lu\/wp-content\/uploads\/2024\/07\/joelle3-aspect-ratio-300-300.jpg","newspack-article-block-landscape-medium-width":234,"newspack-article-block-landscape-medium-height":234,"newspack-article-block-portrait-medium":"https:\/\/atschool.lu\/wp-content\/uploads\/2024\/07\/joelle3-aspect-ratio-300-300.jpg","newspack-article-block-portrait-medium-width":234,"newspack-article-block-portrait-medium-height":234,"newspack-article-block-square-medium":"https:\/\/atschool.lu\/wp-content\/uploads\/2024\/07\/joelle3-aspect-ratio-300-300.jpg","newspack-article-block-square-medium-width":234,"newspack-article-block-square-medium-height":234,"newspack-article-block-landscape-intermediate":"https:\/\/atschool.lu\/wp-content\/uploads\/2024\/07\/joelle3-aspect-ratio-300-300.jpg","newspack-article-block-landscape-intermediate-width":234,"newspack-article-block-landscape-intermediate-height":234,"newspack-article-block-portrait-intermediate":"https:\/\/atschool.lu\/wp-content\/uploads\/2024\/07\/joelle3-aspect-ratio-300-300.jpg","newspack-article-block-portrait-intermediate-width":234,"newspack-article-block-portrait-intermediate-height":234,"newspack-article-block-square-intermediate":"https:\/\/atschool.lu\/wp-content\/uploads\/2024\/07\/joelle3-aspect-ratio-300-300.jpg","newspack-article-block-square-intermediate-width":234,"newspack-article-block-square-intermediate-height":234,"newspack-article-block-landscape-small":"https:\/\/atschool.lu\/wp-content\/uploads\/2024\/07\/joelle3-aspect-ratio-300-300.jpg","newspack-article-block-landscape-small-width":234,"newspack-article-block-landscape-small-height":234,"newspack-article-block-portrait-small":"https:\/\/atschool.lu\/wp-content\/uploads\/2024\/07\/joelle3-aspect-ratio-300-300.jpg","newspack-article-block-portrait-small-width":234,"newspack-article-block-portrait-small-height":234,"newspack-article-block-square-small":"https:\/\/atschool.lu\/wp-content\/uploads\/2024\/07\/joelle3-aspect-ratio-300-300.jpg","newspack-article-block-square-small-width":234,"newspack-article-block-square-small-height":234,"newspack-article-block-landscape-tiny":"https:\/\/atschool.lu\/wp-content\/uploads\/2024\/07\/joelle3-aspect-ratio-300-300.jpg","newspack-article-block-landscape-tiny-width":150,"newspack-article-block-landscape-tiny-height":150,"newspack-article-block-portrait-tiny":"https:\/\/atschool.lu\/wp-content\/uploads\/2024\/07\/joelle3-aspect-ratio-300-300.jpg","newspack-article-block-portrait-tiny-width":150,"newspack-article-block-portrait-tiny-height":150,"newspack-article-block-square-tiny":"https:\/\/atschool.lu\/wp-content\/uploads\/2024\/07\/joelle3-aspect-ratio-300-300.jpg","newspack-article-block-square-tiny-width":200,"newspack-article-block-square-tiny-height":200,"newspack-article-block-uncropped":"https:\/\/atschool.lu\/wp-content\/uploads\/2024\/07\/joelle3-aspect-ratio-300-300.jpg","newspack-article-block-uncropped-width":234,"newspack-article-block-uncropped-height":234}},"name_surname":"Jo\u00eblle Schneider","function":"Director","opening_hours":"","call_school":"26480337","send_email":"info@crechebarbara.lu","facebook":"","instagram":"","linkedin":"","address":"62 Rue de Belvaux L-4025 Esch-sur-Alzette","description_text":"<p>Nich\u00e9e dans un cadre idyllique et multiculturel, cette cr\u00e8che offre aux enfants de 3 mois \u00e0 4 ans un environnement s\u00fbr et stimulant, propice \u00e0 leur \u00e9panouissement personnel et \u00e0 leur exploration du monde qui les entoure. Inspir\u00e9es par l\u0092approche Reggio Emilia, la directrice Jo\u00eblle et son \u00e9quipe p\u00e9dagogique ont \u00e0 c\u009cur d\u0092accompagner chaque enfant \u00e0 s\u0092\u00e9panouir pleinement via la d\u00e9couverte et l\u0092exploration en toute autonomie.<br \/>\nAvec ses jardins, son approche p\u00e9dagogique Reggio Emilia et sa localisation pratique, la cr\u00e8che garantit un environnement s\u00e9curis\u00e9 et stimulant, favorisant le d\u00e9veloppement global des enfants.<\/p>\n","hero_image":false,"logo":"https:\/\/atschool.lu\/wp-content\/uploads\/2024\/07\/barbara_logo_color-8.svg","website":"https:\/\/www.crechebarbara.lu\/creche\/barbara-esch-sur-alzette\/","virtual_tour_tag":"Yes","virtual_tour":"https:\/\/tour.klapty.com\/ULz0einTLQ\/?deeplinking=true&startscene=0&startactions=lookat(106.79,-0.62,108.1,0,0);&fullscreentab=true","video":"","pictures":false,"brochure":"","customer_type":"Free","name_as_title":"Cr\u00e8che Barbara de Esch-sur-Alzette","nb_students":"","nb_of_educator":"","age_range-from":"0","age_range-to":"4","sector":"Private","language":["German","English","French","Luxembourgish","Portuguese","Italian"],"reviews":"ChIJAQC8IiI1lUcR5CumHfjs4NY","childcare_services":"","daycare_services":""},"yoast_head":"<!-- This site is optimized with the Yoast SEO plugin v27.4 - https:\/\/yoast.com\/product\/yoast-seo-wordpress\/ -->\n<title>Cr\u00e8che Barbara de Esch-sur-Alzette<\/title>\n<meta name=\"robots\" content=\"index, follow, max-snippet:-1, max-image-preview:large, max-video-preview:-1\" \/>\n<link rel=\"canonical\" href=\"https:\/\/atschool.lu\/childcare\/creche-barbara-de-esch-sur-alzette\/\" \/>\n<meta property=\"og:locale\" content=\"en_US\" \/>\n<meta property=\"og:type\" content=\"article\" \/>\n<meta property=\"og:title\" content=\"Cr\u00e8che Barbara de Esch-sur-Alzette\" \/>\n<meta property=\"og:url\" content=\"https:\/\/atschool.lu\/childcare\/creche-barbara-de-esch-sur-alzette\/\" \/>\n<meta property=\"og:site_name\" content=\"atSchool.lu\" \/>\n<meta property=\"article:modified_time\" content=\"2024-09-27T17:27:36+00:00\" \/>\n<meta name=\"twitter:card\" content=\"summary_large_image\" \/>\n<script type=\"application\/ld+json\" class=\"yoast-schema-graph\">{\"@context\":\"https:\\\/\\\/schema.org\",\"@graph\":[{\"@type\":\"WebPage\",\"@id\":\"https:\\\/\\\/atschool.lu\\\/childcare\\\/creche-barbara-de-esch-sur-alzette\\\/\",\"url\":\"https:\\\/\\\/atschool.lu\\\/childcare\\\/creche-barbara-de-esch-sur-alzette\\\/\",\"name\":\"Cr\u00e8che Barbara de Esch-sur-Alzette\",\"isPartOf\":{\"@id\":\"https:\\\/\\\/atschool.lu\\\/#website\"},\"datePublished\":\"2024-07-22T15:00:04+00:00\",\"dateModified\":\"2024-09-27T17:27:36+00:00\",\"breadcrumb\":{\"@id\":\"https:\\\/\\\/atschool.lu\\\/childcare\\\/creche-barbara-de-esch-sur-alzette\\\/#breadcrumb\"},\"inLanguage\":\"en-US\",\"potentialAction\":[{\"@type\":\"ReadAction\",\"target\":[\"https:\\\/\\\/atschool.lu\\\/childcare\\\/creche-barbara-de-esch-sur-alzette\\\/\"]}]},{\"@type\":\"BreadcrumbList\",\"@id\":\"https:\\\/\\\/atschool.lu\\\/childcare\\\/creche-barbara-de-esch-sur-alzette\\\/#breadcrumb\",\"itemListElement\":[{\"@type\":\"ListItem\",\"position\":1,\"name\":\"Home\",\"item\":\"https:\\\/\\\/atschool.lu\\\/en\\\/\"},{\"@type\":\"ListItem\",\"position\":2,\"name\":\"Childcare\",\"item\":\"https:\\\/\\\/atschool.lu\\\/childcare\\\/\"},{\"@type\":\"ListItem\",\"position\":3,\"name\":\"Cr\u00e8che Barbara de Esch-sur-Alzette\"}]},{\"@type\":\"WebSite\",\"@id\":\"https:\\\/\\\/atschool.lu\\\/#website\",\"url\":\"https:\\\/\\\/atschool.lu\\\/\",\"name\":\"atSchool.lu\",\"description\":\"Find the right School in Luxembourg\",\"publisher\":{\"@id\":\"https:\\\/\\\/atschool.lu\\\/#organization\"},\"potentialAction\":[{\"@type\":\"SearchAction\",\"target\":{\"@type\":\"EntryPoint\",\"urlTemplate\":\"https:\\\/\\\/atschool.lu\\\/?s={search_term_string}\"},\"query-input\":{\"@type\":\"PropertyValueSpecification\",\"valueRequired\":true,\"valueName\":\"search_term_string\"}}],\"inLanguage\":\"en-US\"},{\"@type\":\"Organization\",\"@id\":\"https:\\\/\\\/atschool.lu\\\/#organization\",\"name\":\"atSchool.lu\",\"url\":\"https:\\\/\\\/atschool.lu\\\/\",\"logo\":{\"@type\":\"ImageObject\",\"inLanguage\":\"en-US\",\"@id\":\"https:\\\/\\\/atschool.lu\\\/#\\\/schema\\\/logo\\\/image\\\/\",\"url\":\"https:\\\/\\\/atschool.lu\\\/wp-content\\\/uploads\\\/2024\\\/04\\\/Logo-atSchool.svg\",\"contentUrl\":\"https:\\\/\\\/atschool.lu\\\/wp-content\\\/uploads\\\/2024\\\/04\\\/Logo-atSchool.svg\",\"width\":119,\"height\":46,\"caption\":\"atSchool.lu\"},\"image\":{\"@id\":\"https:\\\/\\\/atschool.lu\\\/#\\\/schema\\\/logo\\\/image\\\/\"}}]}<\/script>\n<!-- \/ Yoast SEO plugin. -->","yoast_head_json":{"title":"Cr\u00e8che Barbara de Esch-sur-Alzette","robots":{"index":"index","follow":"follow","max-snippet":"max-snippet:-1","max-image-preview":"max-image-preview:large","max-video-preview":"max-video-preview:-1"},"canonical":"https:\/\/atschool.lu\/childcare\/creche-barbara-de-esch-sur-alzette\/","og_locale":"en_US","og_type":"article","og_title":"Cr\u00e8che Barbara de Esch-sur-Alzette","og_url":"https:\/\/atschool.lu\/childcare\/creche-barbara-de-esch-sur-alzette\/","og_site_name":"atSchool.lu","article_modified_time":"2024-09-27T17:27:36+00:00","twitter_card":"summary_large_image","schema":{"@context":"https:\/\/schema.org","@graph":[{"@type":"WebPage","@id":"https:\/\/atschool.lu\/childcare\/creche-barbara-de-esch-sur-alzette\/","url":"https:\/\/atschool.lu\/childcare\/creche-barbara-de-esch-sur-alzette\/","name":"Cr\u00e8che Barbara de Esch-sur-Alzette","isPartOf":{"@id":"https:\/\/atschool.lu\/#website"},"datePublished":"2024-07-22T15:00:04+00:00","dateModified":"2024-09-27T17:27:36+00:00","breadcrumb":{"@id":"https:\/\/atschool.lu\/childcare\/creche-barbara-de-esch-sur-alzette\/#breadcrumb"},"inLanguage":"en-US","potentialAction":[{"@type":"ReadAction","target":["https:\/\/atschool.lu\/childcare\/creche-barbara-de-esch-sur-alzette\/"]}]},{"@type":"BreadcrumbList","@id":"https:\/\/atschool.lu\/childcare\/creche-barbara-de-esch-sur-alzette\/#breadcrumb","itemListElement":[{"@type":"ListItem","position":1,"name":"Home","item":"https:\/\/atschool.lu\/en\/"},{"@type":"ListItem","position":2,"name":"Childcare","item":"https:\/\/atschool.lu\/childcare\/"},{"@type":"ListItem","position":3,"name":"Cr\u00e8che Barbara de Esch-sur-Alzette"}]},{"@type":"WebSite","@id":"https:\/\/atschool.lu\/#website","url":"https:\/\/atschool.lu\/","name":"atSchool.lu","description":"Find the right School in Luxembourg","publisher":{"@id":"https:\/\/atschool.lu\/#organization"},"potentialAction":[{"@type":"SearchAction","target":{"@type":"EntryPoint","urlTemplate":"https:\/\/atschool.lu\/?s={search_term_string}"},"query-input":{"@type":"PropertyValueSpecification","valueRequired":true,"valueName":"search_term_string"}}],"inLanguage":"en-US"},{"@type":"Organization","@id":"https:\/\/atschool.lu\/#organization","name":"atSchool.lu","url":"https:\/\/atschool.lu\/","logo":{"@type":"ImageObject","inLanguage":"en-US","@id":"https:\/\/atschool.lu\/#\/schema\/logo\/image\/","url":"https:\/\/atschool.lu\/wp-content\/uploads\/2024\/04\/Logo-atSchool.svg","contentUrl":"https:\/\/atschool.lu\/wp-content\/uploads\/2024\/04\/Logo-atSchool.svg","width":119,"height":46,"caption":"atSchool.lu"},"image":{"@id":"https:\/\/atschool.lu\/#\/schema\/logo\/image\/"}}]}},"jetpack_sharing_enabled":true,"_links":{"self":[{"href":"https:\/\/atschool.lu\/en\/wp-json\/wp\/v2\/childcare\/7550","targetHints":{"allow":["GET"]}}],"collection":[{"href":"https:\/\/atschool.lu\/en\/wp-json\/wp\/v2\/childcare"}],"about":[{"href":"https:\/\/atschool.lu\/en\/wp-json\/wp\/v2\/types\/childcare"}],"wp:attachment":[{"href":"https:\/\/atschool.lu\/en\/wp-json\/wp\/v2\/media?parent=7550"}],"wp:term":[{"taxonomy":"childcare-type","embeddable":true,"href":"https:\/\/atschool.lu\/en\/wp-json\/wp\/v2\/childcare-type?post=7550"},{"taxonomy":"childcare_location","embeddable":true,"href":"https:\/\/atschool.lu\/en\/wp-json\/wp\/v2\/childcare_location?post=7550"}],"curies":[{"name":"wp","href":"https:\/\/api.w.org\/{rel}","templated":true}]}}