{"id":7554,"date":"2024-07-22T17:00:36","date_gmt":"2024-07-22T15:00:36","guid":{"rendered":"https:\/\/atschool.lu\/childcares\/creche-barbara-de-wasserbillig\/"},"modified":"2024-09-27T19:27:39","modified_gmt":"2024-09-27T17:27:39","slug":"creche-barbara-de-wasserbillig","status":"publish","type":"childcare","link":"https:\/\/atschool.lu\/en\/childcare\/creche-barbara-de-wasserbillig\/","title":{"rendered":"Cr\u00e8che Barbara de Wasserbillig"},"content":{"rendered":"","protected":false},"featured_media":0,"template":"","childcare-type":[496],"childcare_location":[807],"class_list":["post-7554","childcare","type-childcare","status-publish","hentry","childcare-type-creches","childcare_location-mertert"],"acf":{"profile_picture":{"ID":10604,"id":10604,"title":"image0-aspect-ratio-300-300-300x300-1.jpeg","filename":"image0-aspect-ratio-300-300-300x300-1.jpeg","filesize":6808,"url":"https:\/\/atschool.lu\/wp-content\/uploads\/2024\/07\/image0-aspect-ratio-300-300-300x300-1.jpeg","link":"https:\/\/atschool.lu\/en\/childcare\/creche-barbara-de-wasserbillig\/image0-aspect-ratio-300-300-300x300-1-jpeg\/","alt":"","author":"9","description":"","caption":"","name":"image0-aspect-ratio-300-300-300x300-1-jpeg","status":"inherit","uploaded_to":7554,"date":"2024-07-22 15:00:37","modified":"2024-07-22 15:00:37","menu_order":0,"mime_type":"image\/jpeg","type":"image","subtype":"jpeg","icon":"https:\/\/atschool.lu\/wp-includes\/images\/media\/default.png","width":300,"height":300,"sizes":{"thumbnail":"https:\/\/atschool.lu\/wp-content\/uploads\/2024\/07\/image0-aspect-ratio-300-300-300x300-1-150x150.jpeg?crop=1","thumbnail-width":150,"thumbnail-height":150,"medium":"https:\/\/atschool.lu\/wp-content\/uploads\/2024\/07\/image0-aspect-ratio-300-300-300x300-1.jpeg","medium-width":300,"medium-height":300,"medium_large":"https:\/\/atschool.lu\/wp-content\/uploads\/2024\/07\/image0-aspect-ratio-300-300-300x300-1.jpeg","medium_large-width":300,"medium_large-height":300,"large":"https:\/\/atschool.lu\/wp-content\/uploads\/2024\/07\/image0-aspect-ratio-300-300-300x300-1.jpeg","large-width":300,"large-height":300,"1536x1536":"https:\/\/atschool.lu\/wp-content\/uploads\/2024\/07\/image0-aspect-ratio-300-300-300x300-1.jpeg","1536x1536-width":300,"1536x1536-height":300,"2048x2048":"https:\/\/atschool.lu\/wp-content\/uploads\/2024\/07\/image0-aspect-ratio-300-300-300x300-1.jpeg","2048x2048-width":300,"2048x2048-height":300,"newspack-article-block-landscape-large":"https:\/\/atschool.lu\/wp-content\/uploads\/2024\/07\/image0-aspect-ratio-300-300-300x300-1.jpeg","newspack-article-block-landscape-large-width":300,"newspack-article-block-landscape-large-height":300,"newspack-article-block-portrait-large":"https:\/\/atschool.lu\/wp-content\/uploads\/2024\/07\/image0-aspect-ratio-300-300-300x300-1.jpeg","newspack-article-block-portrait-large-width":300,"newspack-article-block-portrait-large-height":300,"newspack-article-block-square-large":"https:\/\/atschool.lu\/wp-content\/uploads\/2024\/07\/image0-aspect-ratio-300-300-300x300-1.jpeg","newspack-article-block-square-large-width":300,"newspack-article-block-square-large-height":300,"newspack-article-block-landscape-medium":"https:\/\/atschool.lu\/wp-content\/uploads\/2024\/07\/image0-aspect-ratio-300-300-300x300-1.jpeg","newspack-article-block-landscape-medium-width":300,"newspack-article-block-landscape-medium-height":300,"newspack-article-block-portrait-medium":"https:\/\/atschool.lu\/wp-content\/uploads\/2024\/07\/image0-aspect-ratio-300-300-300x300-1.jpeg","newspack-article-block-portrait-medium-width":300,"newspack-article-block-portrait-medium-height":300,"newspack-article-block-square-medium":"https:\/\/atschool.lu\/wp-content\/uploads\/2024\/07\/image0-aspect-ratio-300-300-300x300-1.jpeg","newspack-article-block-square-medium-width":300,"newspack-article-block-square-medium-height":300,"newspack-article-block-landscape-intermediate":"https:\/\/atschool.lu\/wp-content\/uploads\/2024\/07\/image0-aspect-ratio-300-300-300x300-1.jpeg","newspack-article-block-landscape-intermediate-width":300,"newspack-article-block-landscape-intermediate-height":300,"newspack-article-block-portrait-intermediate":"https:\/\/atschool.lu\/wp-content\/uploads\/2024\/07\/image0-aspect-ratio-300-300-300x300-1.jpeg","newspack-article-block-portrait-intermediate-width":300,"newspack-article-block-portrait-intermediate-height":300,"newspack-article-block-square-intermediate":"https:\/\/atschool.lu\/wp-content\/uploads\/2024\/07\/image0-aspect-ratio-300-300-300x300-1.jpeg","newspack-article-block-square-intermediate-width":300,"newspack-article-block-square-intermediate-height":300,"newspack-article-block-landscape-small":"https:\/\/atschool.lu\/wp-content\/uploads\/2024\/07\/image0-aspect-ratio-300-300-300x300-1.jpeg","newspack-article-block-landscape-small-width":300,"newspack-article-block-landscape-small-height":300,"newspack-article-block-portrait-small":"https:\/\/atschool.lu\/wp-content\/uploads\/2024\/07\/image0-aspect-ratio-300-300-300x300-1.jpeg","newspack-article-block-portrait-small-width":300,"newspack-article-block-portrait-small-height":300,"newspack-article-block-square-small":"https:\/\/atschool.lu\/wp-content\/uploads\/2024\/07\/image0-aspect-ratio-300-300-300x300-1.jpeg","newspack-article-block-square-small-width":300,"newspack-article-block-square-small-height":300,"newspack-article-block-landscape-tiny":"https:\/\/atschool.lu\/wp-content\/uploads\/2024\/07\/image0-aspect-ratio-300-300-300x300-1.jpeg","newspack-article-block-landscape-tiny-width":150,"newspack-article-block-landscape-tiny-height":150,"newspack-article-block-portrait-tiny":"https:\/\/atschool.lu\/wp-content\/uploads\/2024\/07\/image0-aspect-ratio-300-300-300x300-1.jpeg","newspack-article-block-portrait-tiny-width":150,"newspack-article-block-portrait-tiny-height":150,"newspack-article-block-square-tiny":"https:\/\/atschool.lu\/wp-content\/uploads\/2024\/07\/image0-aspect-ratio-300-300-300x300-1.jpeg","newspack-article-block-square-tiny-width":200,"newspack-article-block-square-tiny-height":200,"newspack-article-block-uncropped":"https:\/\/atschool.lu\/wp-content\/uploads\/2024\/07\/image0-aspect-ratio-300-300-300x300-1.jpeg","newspack-article-block-uncropped-width":300,"newspack-article-block-uncropped-height":300}},"name_surname":"Mr. Raffaele Carletti","function":"Director","opening_hours":"","call_school":"20260171","send_email":"info@crechebarbara.lu","facebook":"","instagram":"","linkedin":"","address":"1 Cit\u00e9 Herrenberg- R\u00e9sidence Chardonnay - L-6679 Mertert","description_text":"<p>La Cr\u00e8che et le Foyer de Jour Barbara de Wasserbillig se sont implant\u00e9 dans la charmante commune de Mertert \u00e0 seulement quelques kilom\u00e8tres de la fronti\u00e8re allemande (Trier en Allemagne est \u00e0 10 minutes de voiture).<br \/>\nSitu\u00e9s au c\u009cur des vignes en zone prot\u00e9g\u00e9e Natura, la Cr\u00e8che et le Foyer de Jour de Wasserbillig accueillent les enfants de 2 mois \u00e0 12 ans.<br \/>\nLa p\u00e9dagogie s\u0092inspire de l\u0092approche Reggio Emilia.<\/p>\n<p>Une \u00e9ducation positive et bienveillante<br \/>\nLa Cr\u00e8che et le Foyer de Jour de Wasserbillig sont dirig\u00e9s par Adriane Harmouche. Charg\u00e9e de direction depuis 10 ans au Luxembourg, Adriane a suivi de nombreuses formations sur le d\u00e9veloppement \u00e9motionnel de l\u0092enfant. Elle applique les principes de l\u0092\u00e9ducation positive : l\u0092atmosph\u00e8re bienveillante que fait vivre Adriane dans sa structure favorise la cr\u00e9ativit\u00e9, la confiance en soi, la curiosit\u00e9, et la socialisation des enfants.<\/p>\n<p>Un environnement stimulant<br \/>\nLa localisation de la structure au c\u009cur des vignes permet aux enfants de profiter de la nature lors de grandes balades dans des lieux calmes et de profiter de nombreuses aires de jeux aux alentours, comme le Funpark de Mertert.<br \/>\nL\u0092aquarium et la m\u00e9diath\u00e8que de Wasserbillig ainsi que la piscine et le Jardin des papillons de Grevenmacher sont situ\u00e9s \u00e0 proximit\u00e9 de la structure. Cela permet de r\u00e9aliser de nombreuses sorties ludiques avec les enfants.<\/p>\n<p>Situ\u00e9e au rez-de-chauss\u00e9e d\u0092une r\u00e9sidence familiale, la structure s\u0092organise sur un lumineux plain-pied et accueille des enfants de 2 mois \u00e0 12 ans.<br \/>\nUn espace Snoezelen d\u00e9di\u00e9 \u00e0 l\u0092exploration sensorielle permet aux enfants d\u0092\u00e9veiller leurs sens et d\u0092\u00eatre \u00e0 l\u0092\u00e9coute leurs \u00e9motions. Dans l\u0092atrium, un espace de psychomotricit\u00e9 et une salle jeux d\u0092eau sont \u00e9galement propos\u00e9s : tout pour s\u0092\u00e9veiller au monde et exp\u00e9rimenter de nouvelles sensations.<\/p>\n","hero_image":false,"logo":"https:\/\/atschool.lu\/wp-content\/uploads\/2024\/07\/barbara_logo_color-16.svg","website":"https:\/\/www.crechebarbara.lu\/creche\/creche-et-barbara-wasserbillig\/","virtual_tour_tag":"Yes","virtual_tour":"https:\/\/tour.klapty.com\/BnR0yeXzjU\/?deeplinking=true&startscene=0&startactions=lookat(27.71,0.71,108.1,0,0);&fullscreentab=true","video":"","pictures":false,"brochure":"","customer_type":"Free","name_as_title":"Cr\u00e8che Barbara de Wasserbillig","nb_students":"","nb_of_educator":"","age_range-from":"0","age_range-to":"4","sector":"Private","language":["German","English","French","Luxembourgish","Portuguese","Italian"],"reviews":"ChIJ_f6WiclnlUcR26gVd8BTkuo","childcare_services":"","daycare_services":""},"yoast_head":"<!-- This site is optimized with the Yoast SEO plugin v27.5 - https:\/\/yoast.com\/product\/yoast-seo-wordpress\/ -->\n<title>Cr\u00e8che Barbara de Wasserbillig<\/title>\n<meta name=\"robots\" content=\"index, follow, max-snippet:-1, max-image-preview:large, max-video-preview:-1\" \/>\n<link rel=\"canonical\" href=\"https:\/\/atschool.lu\/childcare\/creche-barbara-de-wasserbillig\/\" \/>\n<meta property=\"og:locale\" content=\"en_US\" \/>\n<meta property=\"og:type\" content=\"article\" \/>\n<meta property=\"og:title\" content=\"Cr\u00e8che Barbara de Wasserbillig\" \/>\n<meta property=\"og:url\" content=\"https:\/\/atschool.lu\/childcare\/creche-barbara-de-wasserbillig\/\" \/>\n<meta property=\"og:site_name\" content=\"atSchool.lu\" \/>\n<meta property=\"article:modified_time\" content=\"2024-09-27T17:27:39+00:00\" \/>\n<meta name=\"twitter:card\" content=\"summary_large_image\" \/>\n<script type=\"application\/ld+json\" class=\"yoast-schema-graph\">{\"@context\":\"https:\\\/\\\/schema.org\",\"@graph\":[{\"@type\":\"WebPage\",\"@id\":\"https:\\\/\\\/atschool.lu\\\/childcare\\\/creche-barbara-de-wasserbillig\\\/\",\"url\":\"https:\\\/\\\/atschool.lu\\\/childcare\\\/creche-barbara-de-wasserbillig\\\/\",\"name\":\"Cr\u00e8che Barbara de Wasserbillig\",\"isPartOf\":{\"@id\":\"https:\\\/\\\/atschool.lu\\\/#website\"},\"datePublished\":\"2024-07-22T15:00:36+00:00\",\"dateModified\":\"2024-09-27T17:27:39+00:00\",\"breadcrumb\":{\"@id\":\"https:\\\/\\\/atschool.lu\\\/childcare\\\/creche-barbara-de-wasserbillig\\\/#breadcrumb\"},\"inLanguage\":\"en-US\",\"potentialAction\":[{\"@type\":\"ReadAction\",\"target\":[\"https:\\\/\\\/atschool.lu\\\/childcare\\\/creche-barbara-de-wasserbillig\\\/\"]}]},{\"@type\":\"BreadcrumbList\",\"@id\":\"https:\\\/\\\/atschool.lu\\\/childcare\\\/creche-barbara-de-wasserbillig\\\/#breadcrumb\",\"itemListElement\":[{\"@type\":\"ListItem\",\"position\":1,\"name\":\"Home\",\"item\":\"https:\\\/\\\/atschool.lu\\\/en\\\/\"},{\"@type\":\"ListItem\",\"position\":2,\"name\":\"Childcare\",\"item\":\"https:\\\/\\\/atschool.lu\\\/childcare\\\/\"},{\"@type\":\"ListItem\",\"position\":3,\"name\":\"Cr\u00e8che Barbara de Wasserbillig\"}]},{\"@type\":\"WebSite\",\"@id\":\"https:\\\/\\\/atschool.lu\\\/#website\",\"url\":\"https:\\\/\\\/atschool.lu\\\/\",\"name\":\"atSchool.lu\",\"description\":\"Find the right School in Luxembourg\",\"publisher\":{\"@id\":\"https:\\\/\\\/atschool.lu\\\/#organization\"},\"potentialAction\":[{\"@type\":\"SearchAction\",\"target\":{\"@type\":\"EntryPoint\",\"urlTemplate\":\"https:\\\/\\\/atschool.lu\\\/?s={search_term_string}\"},\"query-input\":{\"@type\":\"PropertyValueSpecification\",\"valueRequired\":true,\"valueName\":\"search_term_string\"}}],\"inLanguage\":\"en-US\"},{\"@type\":\"Organization\",\"@id\":\"https:\\\/\\\/atschool.lu\\\/#organization\",\"name\":\"atSchool.lu\",\"url\":\"https:\\\/\\\/atschool.lu\\\/\",\"logo\":{\"@type\":\"ImageObject\",\"inLanguage\":\"en-US\",\"@id\":\"https:\\\/\\\/atschool.lu\\\/#\\\/schema\\\/logo\\\/image\\\/\",\"url\":\"https:\\\/\\\/atschool.lu\\\/wp-content\\\/uploads\\\/2024\\\/04\\\/Logo-atSchool.svg\",\"contentUrl\":\"https:\\\/\\\/atschool.lu\\\/wp-content\\\/uploads\\\/2024\\\/04\\\/Logo-atSchool.svg\",\"width\":119,\"height\":46,\"caption\":\"atSchool.lu\"},\"image\":{\"@id\":\"https:\\\/\\\/atschool.lu\\\/#\\\/schema\\\/logo\\\/image\\\/\"}}]}<\/script>\n<!-- \/ Yoast SEO plugin. -->","yoast_head_json":{"title":"Cr\u00e8che Barbara de Wasserbillig","robots":{"index":"index","follow":"follow","max-snippet":"max-snippet:-1","max-image-preview":"max-image-preview:large","max-video-preview":"max-video-preview:-1"},"canonical":"https:\/\/atschool.lu\/childcare\/creche-barbara-de-wasserbillig\/","og_locale":"en_US","og_type":"article","og_title":"Cr\u00e8che Barbara de Wasserbillig","og_url":"https:\/\/atschool.lu\/childcare\/creche-barbara-de-wasserbillig\/","og_site_name":"atSchool.lu","article_modified_time":"2024-09-27T17:27:39+00:00","twitter_card":"summary_large_image","schema":{"@context":"https:\/\/schema.org","@graph":[{"@type":"WebPage","@id":"https:\/\/atschool.lu\/childcare\/creche-barbara-de-wasserbillig\/","url":"https:\/\/atschool.lu\/childcare\/creche-barbara-de-wasserbillig\/","name":"Cr\u00e8che Barbara de Wasserbillig","isPartOf":{"@id":"https:\/\/atschool.lu\/#website"},"datePublished":"2024-07-22T15:00:36+00:00","dateModified":"2024-09-27T17:27:39+00:00","breadcrumb":{"@id":"https:\/\/atschool.lu\/childcare\/creche-barbara-de-wasserbillig\/#breadcrumb"},"inLanguage":"en-US","potentialAction":[{"@type":"ReadAction","target":["https:\/\/atschool.lu\/childcare\/creche-barbara-de-wasserbillig\/"]}]},{"@type":"BreadcrumbList","@id":"https:\/\/atschool.lu\/childcare\/creche-barbara-de-wasserbillig\/#breadcrumb","itemListElement":[{"@type":"ListItem","position":1,"name":"Home","item":"https:\/\/atschool.lu\/en\/"},{"@type":"ListItem","position":2,"name":"Childcare","item":"https:\/\/atschool.lu\/childcare\/"},{"@type":"ListItem","position":3,"name":"Cr\u00e8che Barbara de Wasserbillig"}]},{"@type":"WebSite","@id":"https:\/\/atschool.lu\/#website","url":"https:\/\/atschool.lu\/","name":"atSchool.lu","description":"Find the right School in Luxembourg","publisher":{"@id":"https:\/\/atschool.lu\/#organization"},"potentialAction":[{"@type":"SearchAction","target":{"@type":"EntryPoint","urlTemplate":"https:\/\/atschool.lu\/?s={search_term_string}"},"query-input":{"@type":"PropertyValueSpecification","valueRequired":true,"valueName":"search_term_string"}}],"inLanguage":"en-US"},{"@type":"Organization","@id":"https:\/\/atschool.lu\/#organization","name":"atSchool.lu","url":"https:\/\/atschool.lu\/","logo":{"@type":"ImageObject","inLanguage":"en-US","@id":"https:\/\/atschool.lu\/#\/schema\/logo\/image\/","url":"https:\/\/atschool.lu\/wp-content\/uploads\/2024\/04\/Logo-atSchool.svg","contentUrl":"https:\/\/atschool.lu\/wp-content\/uploads\/2024\/04\/Logo-atSchool.svg","width":119,"height":46,"caption":"atSchool.lu"},"image":{"@id":"https:\/\/atschool.lu\/#\/schema\/logo\/image\/"}}]}},"jetpack_sharing_enabled":true,"_links":{"self":[{"href":"https:\/\/atschool.lu\/en\/wp-json\/wp\/v2\/childcare\/7554","targetHints":{"allow":["GET"]}}],"collection":[{"href":"https:\/\/atschool.lu\/en\/wp-json\/wp\/v2\/childcare"}],"about":[{"href":"https:\/\/atschool.lu\/en\/wp-json\/wp\/v2\/types\/childcare"}],"wp:attachment":[{"href":"https:\/\/atschool.lu\/en\/wp-json\/wp\/v2\/media?parent=7554"}],"wp:term":[{"taxonomy":"childcare-type","embeddable":true,"href":"https:\/\/atschool.lu\/en\/wp-json\/wp\/v2\/childcare-type?post=7554"},{"taxonomy":"childcare_location","embeddable":true,"href":"https:\/\/atschool.lu\/en\/wp-json\/wp\/v2\/childcare_location?post=7554"}],"curies":[{"name":"wp","href":"https:\/\/api.w.org\/{rel}","templated":true}]}}