{"id":7555,"date":"2024-07-22T17:00:36","date_gmt":"2024-07-22T15:00:36","guid":{"rendered":"https:\/\/atschool.lu\/childcares\/creche-barbara-poppy-baby-gare-luxembourg\/"},"modified":"2024-11-27T16:32:19","modified_gmt":"2024-11-27T14:32:19","slug":"creche-barbara-poppy-baby-gare-luxembourg","status":"publish","type":"childcare","link":"https:\/\/atschool.lu\/en\/childcare\/creche-barbara-poppy-baby-gare-luxembourg\/","title":{"rendered":"Cr\u00e8che Barbara Poppy Baby &#8211; Gare Luxembourg"},"content":{"rendered":"","protected":false},"featured_media":0,"template":"","childcare-type":[496],"childcare_location":[644,885],"class_list":["post-7555","childcare","type-childcare","status-publish","hentry","childcare-type-creches","childcare_location-luxembourg","childcare_location-luxembourg-gare"],"acf":{"profile_picture":{"ID":10608,"id":10608,"title":"Claudia-Eicher-Gare-aspect-ratio-300-300-300x300-1.jpg","filename":"Claudia-Eicher-Gare-aspect-ratio-300-300-300x300-1.jpg","filesize":12271,"url":"https:\/\/atschool.lu\/wp-content\/uploads\/2024\/07\/Claudia-Eicher-Gare-aspect-ratio-300-300-300x300-1.jpg","link":"https:\/\/atschool.lu\/en\/childcare\/creche-barbara-poppy-baby-gare-luxembourg\/claudia-eicher-gare-aspect-ratio-300-300-300x300-1-jpg\/","alt":"","author":"9","description":"","caption":"","name":"claudia-eicher-gare-aspect-ratio-300-300-300x300-1-jpg","status":"inherit","uploaded_to":7555,"date":"2024-07-22 15:00:43","modified":"2024-07-22 15:00:43","menu_order":0,"mime_type":"image\/jpeg","type":"image","subtype":"jpeg","icon":"https:\/\/atschool.lu\/wp-includes\/images\/media\/default.png","width":300,"height":300,"sizes":{"thumbnail":"https:\/\/atschool.lu\/wp-content\/uploads\/2024\/07\/Claudia-Eicher-Gare-aspect-ratio-300-300-300x300-1-150x150.jpg?crop=1","thumbnail-width":150,"thumbnail-height":150,"medium":"https:\/\/atschool.lu\/wp-content\/uploads\/2024\/07\/Claudia-Eicher-Gare-aspect-ratio-300-300-300x300-1.jpg","medium-width":300,"medium-height":300,"medium_large":"https:\/\/atschool.lu\/wp-content\/uploads\/2024\/07\/Claudia-Eicher-Gare-aspect-ratio-300-300-300x300-1.jpg","medium_large-width":300,"medium_large-height":300,"large":"https:\/\/atschool.lu\/wp-content\/uploads\/2024\/07\/Claudia-Eicher-Gare-aspect-ratio-300-300-300x300-1.jpg","large-width":300,"large-height":300,"1536x1536":"https:\/\/atschool.lu\/wp-content\/uploads\/2024\/07\/Claudia-Eicher-Gare-aspect-ratio-300-300-300x300-1.jpg","1536x1536-width":300,"1536x1536-height":300,"2048x2048":"https:\/\/atschool.lu\/wp-content\/uploads\/2024\/07\/Claudia-Eicher-Gare-aspect-ratio-300-300-300x300-1.jpg","2048x2048-width":300,"2048x2048-height":300,"newspack-article-block-landscape-large":"https:\/\/atschool.lu\/wp-content\/uploads\/2024\/07\/Claudia-Eicher-Gare-aspect-ratio-300-300-300x300-1.jpg","newspack-article-block-landscape-large-width":300,"newspack-article-block-landscape-large-height":300,"newspack-article-block-portrait-large":"https:\/\/atschool.lu\/wp-content\/uploads\/2024\/07\/Claudia-Eicher-Gare-aspect-ratio-300-300-300x300-1.jpg","newspack-article-block-portrait-large-width":300,"newspack-article-block-portrait-large-height":300,"newspack-article-block-square-large":"https:\/\/atschool.lu\/wp-content\/uploads\/2024\/07\/Claudia-Eicher-Gare-aspect-ratio-300-300-300x300-1.jpg","newspack-article-block-square-large-width":300,"newspack-article-block-square-large-height":300,"newspack-article-block-landscape-medium":"https:\/\/atschool.lu\/wp-content\/uploads\/2024\/07\/Claudia-Eicher-Gare-aspect-ratio-300-300-300x300-1.jpg","newspack-article-block-landscape-medium-width":300,"newspack-article-block-landscape-medium-height":300,"newspack-article-block-portrait-medium":"https:\/\/atschool.lu\/wp-content\/uploads\/2024\/07\/Claudia-Eicher-Gare-aspect-ratio-300-300-300x300-1.jpg","newspack-article-block-portrait-medium-width":300,"newspack-article-block-portrait-medium-height":300,"newspack-article-block-square-medium":"https:\/\/atschool.lu\/wp-content\/uploads\/2024\/07\/Claudia-Eicher-Gare-aspect-ratio-300-300-300x300-1.jpg","newspack-article-block-square-medium-width":300,"newspack-article-block-square-medium-height":300,"newspack-article-block-landscape-intermediate":"https:\/\/atschool.lu\/wp-content\/uploads\/2024\/07\/Claudia-Eicher-Gare-aspect-ratio-300-300-300x300-1.jpg","newspack-article-block-landscape-intermediate-width":300,"newspack-article-block-landscape-intermediate-height":300,"newspack-article-block-portrait-intermediate":"https:\/\/atschool.lu\/wp-content\/uploads\/2024\/07\/Claudia-Eicher-Gare-aspect-ratio-300-300-300x300-1.jpg","newspack-article-block-portrait-intermediate-width":300,"newspack-article-block-portrait-intermediate-height":300,"newspack-article-block-square-intermediate":"https:\/\/atschool.lu\/wp-content\/uploads\/2024\/07\/Claudia-Eicher-Gare-aspect-ratio-300-300-300x300-1.jpg","newspack-article-block-square-intermediate-width":300,"newspack-article-block-square-intermediate-height":300,"newspack-article-block-landscape-small":"https:\/\/atschool.lu\/wp-content\/uploads\/2024\/07\/Claudia-Eicher-Gare-aspect-ratio-300-300-300x300-1.jpg","newspack-article-block-landscape-small-width":300,"newspack-article-block-landscape-small-height":300,"newspack-article-block-portrait-small":"https:\/\/atschool.lu\/wp-content\/uploads\/2024\/07\/Claudia-Eicher-Gare-aspect-ratio-300-300-300x300-1.jpg","newspack-article-block-portrait-small-width":300,"newspack-article-block-portrait-small-height":300,"newspack-article-block-square-small":"https:\/\/atschool.lu\/wp-content\/uploads\/2024\/07\/Claudia-Eicher-Gare-aspect-ratio-300-300-300x300-1.jpg","newspack-article-block-square-small-width":300,"newspack-article-block-square-small-height":300,"newspack-article-block-landscape-tiny":"https:\/\/atschool.lu\/wp-content\/uploads\/2024\/07\/Claudia-Eicher-Gare-aspect-ratio-300-300-300x300-1.jpg","newspack-article-block-landscape-tiny-width":150,"newspack-article-block-landscape-tiny-height":150,"newspack-article-block-portrait-tiny":"https:\/\/atschool.lu\/wp-content\/uploads\/2024\/07\/Claudia-Eicher-Gare-aspect-ratio-300-300-300x300-1.jpg","newspack-article-block-portrait-tiny-width":150,"newspack-article-block-portrait-tiny-height":150,"newspack-article-block-square-tiny":"https:\/\/atschool.lu\/wp-content\/uploads\/2024\/07\/Claudia-Eicher-Gare-aspect-ratio-300-300-300x300-1.jpg","newspack-article-block-square-tiny-width":200,"newspack-article-block-square-tiny-height":200,"newspack-article-block-uncropped":"https:\/\/atschool.lu\/wp-content\/uploads\/2024\/07\/Claudia-Eicher-Gare-aspect-ratio-300-300-300x300-1.jpg","newspack-article-block-uncropped-width":300,"newspack-article-block-uncropped-height":300}},"name_surname":"Claudia Eicher","function":"Director","opening_hours":"","call_school":"26196967","send_email":"info@crechebarbara.lu","facebook":"","instagram":"","linkedin":"","address":"6-8 Rue de Strasbourg L-2560 Luxembourg","description_text":"<p>Une \u00e9ducation positive et bienveillante<br \/>\nLa cr\u00e8che \u00ab Poppy Baby \u00bb, situ\u00e9e \u00e0 Luxembourg-Gare, est dirig\u00e9e par Claudia Eicher. En tant que directrice, Claudia assure le bon fonctionnement de l\u0092\u00e9tablissement et veille attentivement \u00e0 promouvoir une atmosph\u00e8re empreinte de bonne humeur et de bienveillance. Dot\u00e9e d\u0092une formation en tant qu\u0092\u00e9ducatrice sp\u00e9cialis\u00e9e, Claudia a acquis une exp\u00e9rience significative dans le domaine des cr\u00e8ches depuis 2018. Ses d\u00e9buts en tant qu\u0092\u00e9ducatrice aupr\u00e8s de diff\u00e9rents groupes de b\u00e9b\u00e9s lui ont permis de d\u00e9velopper une solide expertise avant<br \/>\nd\u0092acc\u00e9der au poste de charg\u00e9e de direction au sein de la cr\u00e8che de la Gare.<\/p>\n<p>Une fois pass\u00e9 la porte c\u00f4t\u00e9 rue vous oublierez que vous \u00eates en ville et vous trouverez du calme, de l\u0092intimit\u00e9, et de la praticit\u00e9 : une grande cour ext\u00e9rieure attenante \u00e0 la cr\u00e8che dont les enfants profitent d\u00e8s que possible, et un parking pour d\u00e9poser ou venir chercher votre enfant en voiture.<\/p>\n<p>Une \u00e9quipe multilingue<br \/>\nL\u0092\u00e9quipe pluridisciplinaire se compose d\u0092\u00e9ducatrices, d\u0092institutrices maternelles, d\u0092auxiliaires de vie, d\u0092auxiliaires de pu\u00e9riculture, d\u0092une musicienne et d\u0092une atelierista. Les langues parl\u00e9es sont le Luxembourgeois, le Fran\u00e7ais, l\u0092Anglais, l\u0092Allemand, l\u0092Italien et le Portugais.<\/p>\n<p>La p\u00e9dagogie Reggio Emilia<br \/>\nLa p\u00e9dagogie de la Cr\u00e8che s\u0092inspire de la d\u00e9marche Reggio Emilia, qui favorise l\u0092apprentissage par la d\u00e9couverte et l\u0092exp\u00e9rimentation, notamment autour de l\u0092Art, du Vivant et de la Nature. L\u0092atelierista (artiste \u00e9ducateur) anime des ateliers autour de ces th\u00e9matiques dans les diff\u00e9rentes structures.<br \/>\nClaudia et son \u00e9quipe se sont form\u00e9es \u00e0 la p\u00e9dagogie Reggio et adh\u00e8rent pleinement \u00e0 cette approche qui renforce la cr\u00e9ativit\u00e9 des enfants et le d\u00e9veloppement de leurs talents. Des ateliers innovants sont r\u00e9guli\u00e8rement mis en place au sein de la cr\u00e8che pour \u00e9veiller les petits et r\u00e9servent de belles surprises aux enfants.<br \/>\nUne atelierista (artiste \u00e9ducateur) vient \u00e9galement installer des am\u00e9nagements \u00e9ph\u00e9m\u00e8res au sein des Cr\u00e8ches et Foyers de Jour Barbara et Tiramis\u00f9 suscitant curiosit\u00e9 et \u00e9merveillement de tous.<\/p>\n<p>Un environnement riche pour s\u0092ouvrir au monde<br \/>\nLa cr\u00e8che b\u00e9n\u00e9ficie d\u0092un emplacement privil\u00e9gi\u00e9 \u00e0 seulement 2 minutes \u00e0 pied de la gare routi\u00e8re et ferroviaire de Luxembourg-Ville. Une localisation id\u00e9ale qui offre de nombreuses possibilit\u00e9s de sorties telles que des activit\u00e9s piscine, parc ou des sorties culturelles au Spillzenter ou aux Rotondes.<\/p>\n<p>Un partenariat \u00e9ducatif avec les parents<br \/>\nAu-del\u00e0 de l\u0092accueil et de l\u0092accompagnement, l\u0092\u00e9quipe met tout en \u009cuvre pour cr\u00e9er une compl\u00e9mentarit\u00e9 avec les familles, invit\u00e9es \u00e0 participer \u00e0 diverses animations tout au long de l\u0092ann\u00e9e. Chaque semaine, des outils de communication pr\u00e9sentent les activit\u00e9s organis\u00e9es au<br \/>\nsein de la structure.<\/p>\n","hero_image":false,"logo":"https:\/\/atschool.lu\/wp-content\/uploads\/2024\/07\/barbara_logo_color-18.svg","website":"https:\/\/www.crechebarbara.lu\/creche\/creche-barbara-poppy-baby\/","virtual_tour_tag":"Yes","virtual_tour":"https:\/\/tour.klapty.com\/B5A0zTlk7r\/?deeplinking=true&startscene=0&startactions=lookat(3.01,0.25,90,0,0);&fullscreentab=true","video":"","pictures":false,"brochure":"","customer_type":"Free","name_as_title":"Cr\u00e8che Barbara Poppy Baby - Gare Luxembourg","nb_students":"","nb_of_educator":"","age_range-from":"0","age_range-to":"4","sector":"Private","language":["German","English","French","Luxembourgish","Portuguese","Italian"],"reviews":"ChIJdfiZtbFJlUcRZfbAkZ12e3g","childcare_services":"","daycare_services":""},"yoast_head":"<!-- This site is optimized with the Yoast SEO plugin v27.5 - https:\/\/yoast.com\/product\/yoast-seo-wordpress\/ -->\n<title>Cr\u00e8che Barbara Poppy Baby - Gare Luxembourg<\/title>\n<meta name=\"robots\" content=\"index, follow, max-snippet:-1, max-image-preview:large, max-video-preview:-1\" \/>\n<link rel=\"canonical\" href=\"https:\/\/atschool.lu\/childcare\/creche-barbara-poppy-baby-gare-luxembourg\/\" \/>\n<meta property=\"og:locale\" content=\"en_US\" \/>\n<meta property=\"og:type\" content=\"article\" \/>\n<meta property=\"og:title\" content=\"Cr\u00e8che Barbara Poppy Baby - Gare Luxembourg\" \/>\n<meta property=\"og:url\" content=\"https:\/\/atschool.lu\/childcare\/creche-barbara-poppy-baby-gare-luxembourg\/\" \/>\n<meta property=\"og:site_name\" content=\"atSchool.lu\" \/>\n<meta property=\"article:modified_time\" content=\"2024-11-27T14:32:19+00:00\" \/>\n<meta name=\"twitter:card\" content=\"summary_large_image\" \/>\n<script type=\"application\/ld+json\" class=\"yoast-schema-graph\">{\"@context\":\"https:\\\/\\\/schema.org\",\"@graph\":[{\"@type\":\"WebPage\",\"@id\":\"https:\\\/\\\/atschool.lu\\\/childcare\\\/creche-barbara-poppy-baby-gare-luxembourg\\\/\",\"url\":\"https:\\\/\\\/atschool.lu\\\/childcare\\\/creche-barbara-poppy-baby-gare-luxembourg\\\/\",\"name\":\"Cr\u00e8che Barbara Poppy Baby - Gare Luxembourg\",\"isPartOf\":{\"@id\":\"https:\\\/\\\/atschool.lu\\\/#website\"},\"datePublished\":\"2024-07-22T15:00:36+00:00\",\"dateModified\":\"2024-11-27T14:32:19+00:00\",\"breadcrumb\":{\"@id\":\"https:\\\/\\\/atschool.lu\\\/childcare\\\/creche-barbara-poppy-baby-gare-luxembourg\\\/#breadcrumb\"},\"inLanguage\":\"en-US\",\"potentialAction\":[{\"@type\":\"ReadAction\",\"target\":[\"https:\\\/\\\/atschool.lu\\\/childcare\\\/creche-barbara-poppy-baby-gare-luxembourg\\\/\"]}]},{\"@type\":\"BreadcrumbList\",\"@id\":\"https:\\\/\\\/atschool.lu\\\/childcare\\\/creche-barbara-poppy-baby-gare-luxembourg\\\/#breadcrumb\",\"itemListElement\":[{\"@type\":\"ListItem\",\"position\":1,\"name\":\"Home\",\"item\":\"https:\\\/\\\/atschool.lu\\\/en\\\/\"},{\"@type\":\"ListItem\",\"position\":2,\"name\":\"Childcare\",\"item\":\"https:\\\/\\\/atschool.lu\\\/childcare\\\/\"},{\"@type\":\"ListItem\",\"position\":3,\"name\":\"Cr\u00e8che Barbara Poppy Baby &#8211; Gare Luxembourg\"}]},{\"@type\":\"WebSite\",\"@id\":\"https:\\\/\\\/atschool.lu\\\/#website\",\"url\":\"https:\\\/\\\/atschool.lu\\\/\",\"name\":\"atSchool.lu\",\"description\":\"Find the right School in Luxembourg\",\"publisher\":{\"@id\":\"https:\\\/\\\/atschool.lu\\\/#organization\"},\"potentialAction\":[{\"@type\":\"SearchAction\",\"target\":{\"@type\":\"EntryPoint\",\"urlTemplate\":\"https:\\\/\\\/atschool.lu\\\/?s={search_term_string}\"},\"query-input\":{\"@type\":\"PropertyValueSpecification\",\"valueRequired\":true,\"valueName\":\"search_term_string\"}}],\"inLanguage\":\"en-US\"},{\"@type\":\"Organization\",\"@id\":\"https:\\\/\\\/atschool.lu\\\/#organization\",\"name\":\"atSchool.lu\",\"url\":\"https:\\\/\\\/atschool.lu\\\/\",\"logo\":{\"@type\":\"ImageObject\",\"inLanguage\":\"en-US\",\"@id\":\"https:\\\/\\\/atschool.lu\\\/#\\\/schema\\\/logo\\\/image\\\/\",\"url\":\"https:\\\/\\\/atschool.lu\\\/wp-content\\\/uploads\\\/2024\\\/04\\\/Logo-atSchool.svg\",\"contentUrl\":\"https:\\\/\\\/atschool.lu\\\/wp-content\\\/uploads\\\/2024\\\/04\\\/Logo-atSchool.svg\",\"width\":119,\"height\":46,\"caption\":\"atSchool.lu\"},\"image\":{\"@id\":\"https:\\\/\\\/atschool.lu\\\/#\\\/schema\\\/logo\\\/image\\\/\"}}]}<\/script>\n<!-- \/ Yoast SEO plugin. -->","yoast_head_json":{"title":"Cr\u00e8che Barbara Poppy Baby - Gare Luxembourg","robots":{"index":"index","follow":"follow","max-snippet":"max-snippet:-1","max-image-preview":"max-image-preview:large","max-video-preview":"max-video-preview:-1"},"canonical":"https:\/\/atschool.lu\/childcare\/creche-barbara-poppy-baby-gare-luxembourg\/","og_locale":"en_US","og_type":"article","og_title":"Cr\u00e8che Barbara Poppy Baby - Gare Luxembourg","og_url":"https:\/\/atschool.lu\/childcare\/creche-barbara-poppy-baby-gare-luxembourg\/","og_site_name":"atSchool.lu","article_modified_time":"2024-11-27T14:32:19+00:00","twitter_card":"summary_large_image","schema":{"@context":"https:\/\/schema.org","@graph":[{"@type":"WebPage","@id":"https:\/\/atschool.lu\/childcare\/creche-barbara-poppy-baby-gare-luxembourg\/","url":"https:\/\/atschool.lu\/childcare\/creche-barbara-poppy-baby-gare-luxembourg\/","name":"Cr\u00e8che Barbara Poppy Baby - Gare Luxembourg","isPartOf":{"@id":"https:\/\/atschool.lu\/#website"},"datePublished":"2024-07-22T15:00:36+00:00","dateModified":"2024-11-27T14:32:19+00:00","breadcrumb":{"@id":"https:\/\/atschool.lu\/childcare\/creche-barbara-poppy-baby-gare-luxembourg\/#breadcrumb"},"inLanguage":"en-US","potentialAction":[{"@type":"ReadAction","target":["https:\/\/atschool.lu\/childcare\/creche-barbara-poppy-baby-gare-luxembourg\/"]}]},{"@type":"BreadcrumbList","@id":"https:\/\/atschool.lu\/childcare\/creche-barbara-poppy-baby-gare-luxembourg\/#breadcrumb","itemListElement":[{"@type":"ListItem","position":1,"name":"Home","item":"https:\/\/atschool.lu\/en\/"},{"@type":"ListItem","position":2,"name":"Childcare","item":"https:\/\/atschool.lu\/childcare\/"},{"@type":"ListItem","position":3,"name":"Cr\u00e8che Barbara Poppy Baby &#8211; Gare Luxembourg"}]},{"@type":"WebSite","@id":"https:\/\/atschool.lu\/#website","url":"https:\/\/atschool.lu\/","name":"atSchool.lu","description":"Find the right School in Luxembourg","publisher":{"@id":"https:\/\/atschool.lu\/#organization"},"potentialAction":[{"@type":"SearchAction","target":{"@type":"EntryPoint","urlTemplate":"https:\/\/atschool.lu\/?s={search_term_string}"},"query-input":{"@type":"PropertyValueSpecification","valueRequired":true,"valueName":"search_term_string"}}],"inLanguage":"en-US"},{"@type":"Organization","@id":"https:\/\/atschool.lu\/#organization","name":"atSchool.lu","url":"https:\/\/atschool.lu\/","logo":{"@type":"ImageObject","inLanguage":"en-US","@id":"https:\/\/atschool.lu\/#\/schema\/logo\/image\/","url":"https:\/\/atschool.lu\/wp-content\/uploads\/2024\/04\/Logo-atSchool.svg","contentUrl":"https:\/\/atschool.lu\/wp-content\/uploads\/2024\/04\/Logo-atSchool.svg","width":119,"height":46,"caption":"atSchool.lu"},"image":{"@id":"https:\/\/atschool.lu\/#\/schema\/logo\/image\/"}}]}},"jetpack_sharing_enabled":true,"_links":{"self":[{"href":"https:\/\/atschool.lu\/en\/wp-json\/wp\/v2\/childcare\/7555","targetHints":{"allow":["GET"]}}],"collection":[{"href":"https:\/\/atschool.lu\/en\/wp-json\/wp\/v2\/childcare"}],"about":[{"href":"https:\/\/atschool.lu\/en\/wp-json\/wp\/v2\/types\/childcare"}],"wp:attachment":[{"href":"https:\/\/atschool.lu\/en\/wp-json\/wp\/v2\/media?parent=7555"}],"wp:term":[{"taxonomy":"childcare-type","embeddable":true,"href":"https:\/\/atschool.lu\/en\/wp-json\/wp\/v2\/childcare-type?post=7555"},{"taxonomy":"childcare_location","embeddable":true,"href":"https:\/\/atschool.lu\/en\/wp-json\/wp\/v2\/childcare_location?post=7555"}],"curies":[{"name":"wp","href":"https:\/\/api.w.org\/{rel}","templated":true}]}}