{"id":8718,"date":"2024-07-22T17:36:23","date_gmt":"2024-07-22T15:36:23","guid":{"rendered":"https:\/\/atschool.lu\/childcares\/creche-et-foyer-de-jour-barbara-de-tuntange\/"},"modified":"2024-07-22T17:36:35","modified_gmt":"2024-07-22T15:36:35","slug":"creche-et-foyer-de-jour-barbara-de-tuntange","status":"publish","type":"childcare","link":"https:\/\/atschool.lu\/en\/childcare\/creche-et-foyer-de-jour-barbara-de-tuntange\/","title":{"rendered":"Cr\u00e8che et Foyer de Jour Barbara de Tuntange"},"content":{"rendered":"","protected":false},"featured_media":0,"template":"","childcare-type":[496,496,505,505],"childcare_location":[688],"class_list":{"0":"post-8718","1":"childcare","2":"type-childcare","3":"status-publish","4":"hentry","5":"childcare-type-creches","7":"childcare-type-maisons-relais","9":"childcare_location-tuntange"},"acf":{"profile_picture":{"ID":10794,"id":10794,"title":"Annika-Vincke-Creche-Barbara-Tuntange-2.jpeg-rotated-aspect-ratio-150-150-aspect-ratio-300-300.jpg","filename":"Annika-Vincke-Creche-Barbara-Tuntange-2.jpeg-rotated-aspect-ratio-150-150-aspect-ratio-300-300.jpg","filesize":3293,"url":"https:\/\/atschool.lu\/wp-content\/uploads\/2024\/07\/Annika-Vincke-Creche-Barbara-Tuntange-2.jpeg-rotated-aspect-ratio-150-150-aspect-ratio-300-300.jpg","link":"https:\/\/atschool.lu\/en\/childcare\/creche-et-foyer-de-jour-barbara-de-tuntange\/annika-vincke-creche-barbara-tuntange-2-jpeg-rotated-aspect-ratio-150-150-aspect-ratio-300-300-jpg\/","alt":"","author":"9","description":"","caption":"","name":"annika-vincke-creche-barbara-tuntange-2-jpeg-rotated-aspect-ratio-150-150-aspect-ratio-300-300-jpg","status":"inherit","uploaded_to":8718,"date":"2024-07-22 15:36:36","modified":"2024-07-22 15:36:36","menu_order":0,"mime_type":"image\/jpeg","type":"image","subtype":"jpeg","icon":"https:\/\/atschool.lu\/wp-includes\/images\/media\/default.png","width":159,"height":159,"sizes":{"thumbnail":"https:\/\/atschool.lu\/wp-content\/uploads\/2024\/07\/Annika-Vincke-Creche-Barbara-Tuntange-2.jpeg-rotated-aspect-ratio-150-150-aspect-ratio-300-300-150x150.jpg?crop=1","thumbnail-width":150,"thumbnail-height":150,"medium":"https:\/\/atschool.lu\/wp-content\/uploads\/2024\/07\/Annika-Vincke-Creche-Barbara-Tuntange-2.jpeg-rotated-aspect-ratio-150-150-aspect-ratio-300-300.jpg","medium-width":159,"medium-height":159,"medium_large":"https:\/\/atschool.lu\/wp-content\/uploads\/2024\/07\/Annika-Vincke-Creche-Barbara-Tuntange-2.jpeg-rotated-aspect-ratio-150-150-aspect-ratio-300-300.jpg","medium_large-width":159,"medium_large-height":159,"large":"https:\/\/atschool.lu\/wp-content\/uploads\/2024\/07\/Annika-Vincke-Creche-Barbara-Tuntange-2.jpeg-rotated-aspect-ratio-150-150-aspect-ratio-300-300.jpg","large-width":159,"large-height":159,"1536x1536":"https:\/\/atschool.lu\/wp-content\/uploads\/2024\/07\/Annika-Vincke-Creche-Barbara-Tuntange-2.jpeg-rotated-aspect-ratio-150-150-aspect-ratio-300-300.jpg","1536x1536-width":159,"1536x1536-height":159,"2048x2048":"https:\/\/atschool.lu\/wp-content\/uploads\/2024\/07\/Annika-Vincke-Creche-Barbara-Tuntange-2.jpeg-rotated-aspect-ratio-150-150-aspect-ratio-300-300.jpg","2048x2048-width":159,"2048x2048-height":159,"newspack-article-block-landscape-large":"https:\/\/atschool.lu\/wp-content\/uploads\/2024\/07\/Annika-Vincke-Creche-Barbara-Tuntange-2.jpeg-rotated-aspect-ratio-150-150-aspect-ratio-300-300.jpg","newspack-article-block-landscape-large-width":159,"newspack-article-block-landscape-large-height":159,"newspack-article-block-portrait-large":"https:\/\/atschool.lu\/wp-content\/uploads\/2024\/07\/Annika-Vincke-Creche-Barbara-Tuntange-2.jpeg-rotated-aspect-ratio-150-150-aspect-ratio-300-300.jpg","newspack-article-block-portrait-large-width":159,"newspack-article-block-portrait-large-height":159,"newspack-article-block-square-large":"https:\/\/atschool.lu\/wp-content\/uploads\/2024\/07\/Annika-Vincke-Creche-Barbara-Tuntange-2.jpeg-rotated-aspect-ratio-150-150-aspect-ratio-300-300.jpg","newspack-article-block-square-large-width":159,"newspack-article-block-square-large-height":159,"newspack-article-block-landscape-medium":"https:\/\/atschool.lu\/wp-content\/uploads\/2024\/07\/Annika-Vincke-Creche-Barbara-Tuntange-2.jpeg-rotated-aspect-ratio-150-150-aspect-ratio-300-300.jpg","newspack-article-block-landscape-medium-width":159,"newspack-article-block-landscape-medium-height":159,"newspack-article-block-portrait-medium":"https:\/\/atschool.lu\/wp-content\/uploads\/2024\/07\/Annika-Vincke-Creche-Barbara-Tuntange-2.jpeg-rotated-aspect-ratio-150-150-aspect-ratio-300-300.jpg","newspack-article-block-portrait-medium-width":159,"newspack-article-block-portrait-medium-height":159,"newspack-article-block-square-medium":"https:\/\/atschool.lu\/wp-content\/uploads\/2024\/07\/Annika-Vincke-Creche-Barbara-Tuntange-2.jpeg-rotated-aspect-ratio-150-150-aspect-ratio-300-300.jpg","newspack-article-block-square-medium-width":159,"newspack-article-block-square-medium-height":159,"newspack-article-block-landscape-intermediate":"https:\/\/atschool.lu\/wp-content\/uploads\/2024\/07\/Annika-Vincke-Creche-Barbara-Tuntange-2.jpeg-rotated-aspect-ratio-150-150-aspect-ratio-300-300.jpg","newspack-article-block-landscape-intermediate-width":159,"newspack-article-block-landscape-intermediate-height":159,"newspack-article-block-portrait-intermediate":"https:\/\/atschool.lu\/wp-content\/uploads\/2024\/07\/Annika-Vincke-Creche-Barbara-Tuntange-2.jpeg-rotated-aspect-ratio-150-150-aspect-ratio-300-300.jpg","newspack-article-block-portrait-intermediate-width":159,"newspack-article-block-portrait-intermediate-height":159,"newspack-article-block-square-intermediate":"https:\/\/atschool.lu\/wp-content\/uploads\/2024\/07\/Annika-Vincke-Creche-Barbara-Tuntange-2.jpeg-rotated-aspect-ratio-150-150-aspect-ratio-300-300.jpg","newspack-article-block-square-intermediate-width":159,"newspack-article-block-square-intermediate-height":159,"newspack-article-block-landscape-small":"https:\/\/atschool.lu\/wp-content\/uploads\/2024\/07\/Annika-Vincke-Creche-Barbara-Tuntange-2.jpeg-rotated-aspect-ratio-150-150-aspect-ratio-300-300.jpg","newspack-article-block-landscape-small-width":159,"newspack-article-block-landscape-small-height":159,"newspack-article-block-portrait-small":"https:\/\/atschool.lu\/wp-content\/uploads\/2024\/07\/Annika-Vincke-Creche-Barbara-Tuntange-2.jpeg-rotated-aspect-ratio-150-150-aspect-ratio-300-300.jpg","newspack-article-block-portrait-small-width":159,"newspack-article-block-portrait-small-height":159,"newspack-article-block-square-small":"https:\/\/atschool.lu\/wp-content\/uploads\/2024\/07\/Annika-Vincke-Creche-Barbara-Tuntange-2.jpeg-rotated-aspect-ratio-150-150-aspect-ratio-300-300.jpg","newspack-article-block-square-small-width":159,"newspack-article-block-square-small-height":159,"newspack-article-block-landscape-tiny":"https:\/\/atschool.lu\/wp-content\/uploads\/2024\/07\/Annika-Vincke-Creche-Barbara-Tuntange-2.jpeg-rotated-aspect-ratio-150-150-aspect-ratio-300-300.jpg","newspack-article-block-landscape-tiny-width":150,"newspack-article-block-landscape-tiny-height":150,"newspack-article-block-portrait-tiny":"https:\/\/atschool.lu\/wp-content\/uploads\/2024\/07\/Annika-Vincke-Creche-Barbara-Tuntange-2.jpeg-rotated-aspect-ratio-150-150-aspect-ratio-300-300.jpg","newspack-article-block-portrait-tiny-width":150,"newspack-article-block-portrait-tiny-height":150,"newspack-article-block-square-tiny":"https:\/\/atschool.lu\/wp-content\/uploads\/2024\/07\/Annika-Vincke-Creche-Barbara-Tuntange-2.jpeg-rotated-aspect-ratio-150-150-aspect-ratio-300-300.jpg","newspack-article-block-square-tiny-width":159,"newspack-article-block-square-tiny-height":159,"newspack-article-block-uncropped":"https:\/\/atschool.lu\/wp-content\/uploads\/2024\/07\/Annika-Vincke-Creche-Barbara-Tuntange-2.jpeg-rotated-aspect-ratio-150-150-aspect-ratio-300-300.jpg","newspack-article-block-uncropped-width":159,"newspack-article-block-uncropped-height":159}},"name_surname":"Annika Vincke","function":"Director","opening_hours":"","call_school":"26610348","send_email":"info@crechebarbara.lu","facebook":"","instagram":"","linkedin":"","address":"35 Rue de Luxembourg L-7480 Tuntange","description_text":"<p>Situ\u00e9e dans une magnifique villa entour\u00e9e d\u0092un vaste jardin et de plusieurs terrasses, la Cr\u00e8che et le Foyer de Jour Barbara de Tuntange offrent un cadre enchanteur pour les enfants de 3 mois \u00e0 12 ans. Dirig\u00e9e par Annika Vincke depuis 2020, cette structure se distingue par son approche \u00e9ducative bienveillante et positive, inspir\u00e9e de la p\u00e9dagogie Reggio Emilia, qui privil\u00e9gie l\u0092apprentissage par la d\u00e9couverte et l\u0092exp\u00e9rimentation. Avec une \u00e9quipe multilingue d\u00e9vou\u00e9e et un environnement propice \u00e0 l\u0092exploration et au d\u00e9veloppement personnel, la Cr\u00e8che et le Foyer de Jour Barbara de Tuntange sont des lieux o\u00f9 chaque enfant peut s\u0092\u00e9panouir pleinement, en toute s\u00e9curit\u00e9.<\/p>\n","hero_image":false,"logo":"https:\/\/atschool.lu\/wp-content\/uploads\/2024\/07\/barbara_logo_color-28.svg","website":"https:\/\/www.crechebarbara.lu\/creche\/barbara-tuntange\/","virtual_tour_tag":"Yes","virtual_tour":"https:\/\/tour.klapty.com\/v520OJ5Iae\/?deeplinking=true&startscene=0&startactions=lookat(-73.44,-1.53,108.1,0,0);&fullscreentab=true","video":"","pictures":false,"brochure":"","customer_type":"Free","name_as_title":"Cr\u00e8che et Foyer de Jour Barbara de Tuntange","nb_students":"","nb_of_educator":"","age_range-from":"0","age_range-to":"12","sector":"Private","language":["German","Portugues","French","Luxembourgish","English","Italian"],"reviews":"ChIJr-6nortSlUcRzIRrAv95Qxg","childcare_services":"","daycare_services":""},"yoast_head":"<!-- This site is optimized with the Yoast SEO plugin v27.4 - https:\/\/yoast.com\/product\/yoast-seo-wordpress\/ -->\n<title>Cr\u00e8che et Foyer de Jour Barbara de Tuntange<\/title>\n<meta name=\"robots\" content=\"index, follow, max-snippet:-1, max-image-preview:large, max-video-preview:-1\" \/>\n<link rel=\"canonical\" href=\"https:\/\/atschool.lu\/childcare\/creche-et-foyer-de-jour-barbara-de-tuntange\/\" \/>\n<meta property=\"og:locale\" content=\"en_US\" \/>\n<meta property=\"og:type\" content=\"article\" \/>\n<meta property=\"og:title\" content=\"Cr\u00e8che et Foyer de Jour Barbara de Tuntange\" \/>\n<meta property=\"og:url\" content=\"https:\/\/atschool.lu\/childcare\/creche-et-foyer-de-jour-barbara-de-tuntange\/\" \/>\n<meta property=\"og:site_name\" content=\"atSchool.lu\" \/>\n<meta property=\"article:modified_time\" content=\"2024-07-22T15:36:35+00:00\" \/>\n<meta name=\"twitter:card\" content=\"summary_large_image\" \/>\n<script type=\"application\/ld+json\" class=\"yoast-schema-graph\">{\"@context\":\"https:\\\/\\\/schema.org\",\"@graph\":[{\"@type\":\"WebPage\",\"@id\":\"https:\\\/\\\/atschool.lu\\\/childcare\\\/creche-et-foyer-de-jour-barbara-de-tuntange\\\/\",\"url\":\"https:\\\/\\\/atschool.lu\\\/childcare\\\/creche-et-foyer-de-jour-barbara-de-tuntange\\\/\",\"name\":\"Cr\u00e8che et Foyer de Jour Barbara de Tuntange\",\"isPartOf\":{\"@id\":\"https:\\\/\\\/atschool.lu\\\/#website\"},\"datePublished\":\"2024-07-22T15:36:23+00:00\",\"dateModified\":\"2024-07-22T15:36:35+00:00\",\"breadcrumb\":{\"@id\":\"https:\\\/\\\/atschool.lu\\\/childcare\\\/creche-et-foyer-de-jour-barbara-de-tuntange\\\/#breadcrumb\"},\"inLanguage\":\"en-US\",\"potentialAction\":[{\"@type\":\"ReadAction\",\"target\":[\"https:\\\/\\\/atschool.lu\\\/childcare\\\/creche-et-foyer-de-jour-barbara-de-tuntange\\\/\"]}]},{\"@type\":\"BreadcrumbList\",\"@id\":\"https:\\\/\\\/atschool.lu\\\/childcare\\\/creche-et-foyer-de-jour-barbara-de-tuntange\\\/#breadcrumb\",\"itemListElement\":[{\"@type\":\"ListItem\",\"position\":1,\"name\":\"Home\",\"item\":\"https:\\\/\\\/atschool.lu\\\/en\\\/\"},{\"@type\":\"ListItem\",\"position\":2,\"name\":\"Childcare\",\"item\":\"https:\\\/\\\/atschool.lu\\\/childcare\\\/\"},{\"@type\":\"ListItem\",\"position\":3,\"name\":\"Cr\u00e8che et Foyer de Jour Barbara de Tuntange\"}]},{\"@type\":\"WebSite\",\"@id\":\"https:\\\/\\\/atschool.lu\\\/#website\",\"url\":\"https:\\\/\\\/atschool.lu\\\/\",\"name\":\"atSchool.lu\",\"description\":\"Find the right School in Luxembourg\",\"publisher\":{\"@id\":\"https:\\\/\\\/atschool.lu\\\/#organization\"},\"potentialAction\":[{\"@type\":\"SearchAction\",\"target\":{\"@type\":\"EntryPoint\",\"urlTemplate\":\"https:\\\/\\\/atschool.lu\\\/?s={search_term_string}\"},\"query-input\":{\"@type\":\"PropertyValueSpecification\",\"valueRequired\":true,\"valueName\":\"search_term_string\"}}],\"inLanguage\":\"en-US\"},{\"@type\":\"Organization\",\"@id\":\"https:\\\/\\\/atschool.lu\\\/#organization\",\"name\":\"atSchool.lu\",\"url\":\"https:\\\/\\\/atschool.lu\\\/\",\"logo\":{\"@type\":\"ImageObject\",\"inLanguage\":\"en-US\",\"@id\":\"https:\\\/\\\/atschool.lu\\\/#\\\/schema\\\/logo\\\/image\\\/\",\"url\":\"https:\\\/\\\/atschool.lu\\\/wp-content\\\/uploads\\\/2024\\\/04\\\/Logo-atSchool.svg\",\"contentUrl\":\"https:\\\/\\\/atschool.lu\\\/wp-content\\\/uploads\\\/2024\\\/04\\\/Logo-atSchool.svg\",\"width\":119,\"height\":46,\"caption\":\"atSchool.lu\"},\"image\":{\"@id\":\"https:\\\/\\\/atschool.lu\\\/#\\\/schema\\\/logo\\\/image\\\/\"}}]}<\/script>\n<!-- \/ Yoast SEO plugin. -->","yoast_head_json":{"title":"Cr\u00e8che et Foyer de Jour Barbara de Tuntange","robots":{"index":"index","follow":"follow","max-snippet":"max-snippet:-1","max-image-preview":"max-image-preview:large","max-video-preview":"max-video-preview:-1"},"canonical":"https:\/\/atschool.lu\/childcare\/creche-et-foyer-de-jour-barbara-de-tuntange\/","og_locale":"en_US","og_type":"article","og_title":"Cr\u00e8che et Foyer de Jour Barbara de Tuntange","og_url":"https:\/\/atschool.lu\/childcare\/creche-et-foyer-de-jour-barbara-de-tuntange\/","og_site_name":"atSchool.lu","article_modified_time":"2024-07-22T15:36:35+00:00","twitter_card":"summary_large_image","schema":{"@context":"https:\/\/schema.org","@graph":[{"@type":"WebPage","@id":"https:\/\/atschool.lu\/childcare\/creche-et-foyer-de-jour-barbara-de-tuntange\/","url":"https:\/\/atschool.lu\/childcare\/creche-et-foyer-de-jour-barbara-de-tuntange\/","name":"Cr\u00e8che et Foyer de Jour Barbara de Tuntange","isPartOf":{"@id":"https:\/\/atschool.lu\/#website"},"datePublished":"2024-07-22T15:36:23+00:00","dateModified":"2024-07-22T15:36:35+00:00","breadcrumb":{"@id":"https:\/\/atschool.lu\/childcare\/creche-et-foyer-de-jour-barbara-de-tuntange\/#breadcrumb"},"inLanguage":"en-US","potentialAction":[{"@type":"ReadAction","target":["https:\/\/atschool.lu\/childcare\/creche-et-foyer-de-jour-barbara-de-tuntange\/"]}]},{"@type":"BreadcrumbList","@id":"https:\/\/atschool.lu\/childcare\/creche-et-foyer-de-jour-barbara-de-tuntange\/#breadcrumb","itemListElement":[{"@type":"ListItem","position":1,"name":"Home","item":"https:\/\/atschool.lu\/en\/"},{"@type":"ListItem","position":2,"name":"Childcare","item":"https:\/\/atschool.lu\/childcare\/"},{"@type":"ListItem","position":3,"name":"Cr\u00e8che et Foyer de Jour Barbara de Tuntange"}]},{"@type":"WebSite","@id":"https:\/\/atschool.lu\/#website","url":"https:\/\/atschool.lu\/","name":"atSchool.lu","description":"Find the right School in Luxembourg","publisher":{"@id":"https:\/\/atschool.lu\/#organization"},"potentialAction":[{"@type":"SearchAction","target":{"@type":"EntryPoint","urlTemplate":"https:\/\/atschool.lu\/?s={search_term_string}"},"query-input":{"@type":"PropertyValueSpecification","valueRequired":true,"valueName":"search_term_string"}}],"inLanguage":"en-US"},{"@type":"Organization","@id":"https:\/\/atschool.lu\/#organization","name":"atSchool.lu","url":"https:\/\/atschool.lu\/","logo":{"@type":"ImageObject","inLanguage":"en-US","@id":"https:\/\/atschool.lu\/#\/schema\/logo\/image\/","url":"https:\/\/atschool.lu\/wp-content\/uploads\/2024\/04\/Logo-atSchool.svg","contentUrl":"https:\/\/atschool.lu\/wp-content\/uploads\/2024\/04\/Logo-atSchool.svg","width":119,"height":46,"caption":"atSchool.lu"},"image":{"@id":"https:\/\/atschool.lu\/#\/schema\/logo\/image\/"}}]}},"jetpack_sharing_enabled":true,"_links":{"self":[{"href":"https:\/\/atschool.lu\/en\/wp-json\/wp\/v2\/childcare\/8718","targetHints":{"allow":["GET"]}}],"collection":[{"href":"https:\/\/atschool.lu\/en\/wp-json\/wp\/v2\/childcare"}],"about":[{"href":"https:\/\/atschool.lu\/en\/wp-json\/wp\/v2\/types\/childcare"}],"wp:attachment":[{"href":"https:\/\/atschool.lu\/en\/wp-json\/wp\/v2\/media?parent=8718"}],"wp:term":[{"taxonomy":"childcare-type","embeddable":true,"href":"https:\/\/atschool.lu\/en\/wp-json\/wp\/v2\/childcare-type?post=8718"},{"taxonomy":"childcare_location","embeddable":true,"href":"https:\/\/atschool.lu\/en\/wp-json\/wp\/v2\/childcare_location?post=8718"}],"curies":[{"name":"wp","href":"https:\/\/api.w.org\/{rel}","templated":true}]}}