{"id":8727,"date":"2024-07-22T17:36:47","date_gmt":"2024-07-22T15:36:47","guid":{"rendered":"https:\/\/atschool.lu\/childcares\/creche-et-foyer-de-jour-tiramisu-bereldange-1\/"},"modified":"2024-07-22T17:36:47","modified_gmt":"2024-07-22T15:36:47","slug":"creche-et-foyer-de-jour-tiramisu-bereldange-1","status":"publish","type":"childcare","link":"https:\/\/atschool.lu\/en\/childcare\/creche-et-foyer-de-jour-tiramisu-bereldange-1\/","title":{"rendered":"Cr\u00e8che et Foyer de jour Tiramis\u00f9 Bereldange 1"},"content":{"rendered":"","protected":false},"featured_media":0,"template":"","childcare-type":[496,496,505,505],"childcare_location":[711],"class_list":{"0":"post-8727","1":"childcare","2":"type-childcare","3":"status-publish","4":"hentry","5":"childcare-type-creches","7":"childcare-type-maisons-relais","9":"childcare_location-bereldange"},"acf":{"profile_picture":{"ID":10806,"id":10806,"title":"Alicia-Michel-Bereldange3-aspect-ratio-300-300-300x300-1.jpg","filename":"Alicia-Michel-Bereldange3-aspect-ratio-300-300-300x300-1.jpg","filesize":6625,"url":"https:\/\/atschool.lu\/wp-content\/uploads\/2024\/07\/Alicia-Michel-Bereldange3-aspect-ratio-300-300-300x300-1.jpg","link":"https:\/\/atschool.lu\/en\/childcare\/creche-et-foyer-de-jour-tiramisu-bereldange-1\/alicia-michel-bereldange3-aspect-ratio-300-300-300x300-1-jpg\/","alt":"","author":"9","description":"","caption":"","name":"alicia-michel-bereldange3-aspect-ratio-300-300-300x300-1-jpg","status":"inherit","uploaded_to":8727,"date":"2024-07-22 15:36:47","modified":"2024-07-22 15:36:47","menu_order":0,"mime_type":"image\/jpeg","type":"image","subtype":"jpeg","icon":"https:\/\/atschool.lu\/wp-includes\/images\/media\/default.png","width":300,"height":300,"sizes":{"thumbnail":"https:\/\/atschool.lu\/wp-content\/uploads\/2024\/07\/Alicia-Michel-Bereldange3-aspect-ratio-300-300-300x300-1-150x150.jpg?crop=1","thumbnail-width":150,"thumbnail-height":150,"medium":"https:\/\/atschool.lu\/wp-content\/uploads\/2024\/07\/Alicia-Michel-Bereldange3-aspect-ratio-300-300-300x300-1.jpg","medium-width":300,"medium-height":300,"medium_large":"https:\/\/atschool.lu\/wp-content\/uploads\/2024\/07\/Alicia-Michel-Bereldange3-aspect-ratio-300-300-300x300-1.jpg","medium_large-width":300,"medium_large-height":300,"large":"https:\/\/atschool.lu\/wp-content\/uploads\/2024\/07\/Alicia-Michel-Bereldange3-aspect-ratio-300-300-300x300-1.jpg","large-width":300,"large-height":300,"1536x1536":"https:\/\/atschool.lu\/wp-content\/uploads\/2024\/07\/Alicia-Michel-Bereldange3-aspect-ratio-300-300-300x300-1.jpg","1536x1536-width":300,"1536x1536-height":300,"2048x2048":"https:\/\/atschool.lu\/wp-content\/uploads\/2024\/07\/Alicia-Michel-Bereldange3-aspect-ratio-300-300-300x300-1.jpg","2048x2048-width":300,"2048x2048-height":300,"newspack-article-block-landscape-large":"https:\/\/atschool.lu\/wp-content\/uploads\/2024\/07\/Alicia-Michel-Bereldange3-aspect-ratio-300-300-300x300-1.jpg","newspack-article-block-landscape-large-width":300,"newspack-article-block-landscape-large-height":300,"newspack-article-block-portrait-large":"https:\/\/atschool.lu\/wp-content\/uploads\/2024\/07\/Alicia-Michel-Bereldange3-aspect-ratio-300-300-300x300-1.jpg","newspack-article-block-portrait-large-width":300,"newspack-article-block-portrait-large-height":300,"newspack-article-block-square-large":"https:\/\/atschool.lu\/wp-content\/uploads\/2024\/07\/Alicia-Michel-Bereldange3-aspect-ratio-300-300-300x300-1.jpg","newspack-article-block-square-large-width":300,"newspack-article-block-square-large-height":300,"newspack-article-block-landscape-medium":"https:\/\/atschool.lu\/wp-content\/uploads\/2024\/07\/Alicia-Michel-Bereldange3-aspect-ratio-300-300-300x300-1.jpg","newspack-article-block-landscape-medium-width":300,"newspack-article-block-landscape-medium-height":300,"newspack-article-block-portrait-medium":"https:\/\/atschool.lu\/wp-content\/uploads\/2024\/07\/Alicia-Michel-Bereldange3-aspect-ratio-300-300-300x300-1.jpg","newspack-article-block-portrait-medium-width":300,"newspack-article-block-portrait-medium-height":300,"newspack-article-block-square-medium":"https:\/\/atschool.lu\/wp-content\/uploads\/2024\/07\/Alicia-Michel-Bereldange3-aspect-ratio-300-300-300x300-1.jpg","newspack-article-block-square-medium-width":300,"newspack-article-block-square-medium-height":300,"newspack-article-block-landscape-intermediate":"https:\/\/atschool.lu\/wp-content\/uploads\/2024\/07\/Alicia-Michel-Bereldange3-aspect-ratio-300-300-300x300-1.jpg","newspack-article-block-landscape-intermediate-width":300,"newspack-article-block-landscape-intermediate-height":300,"newspack-article-block-portrait-intermediate":"https:\/\/atschool.lu\/wp-content\/uploads\/2024\/07\/Alicia-Michel-Bereldange3-aspect-ratio-300-300-300x300-1.jpg","newspack-article-block-portrait-intermediate-width":300,"newspack-article-block-portrait-intermediate-height":300,"newspack-article-block-square-intermediate":"https:\/\/atschool.lu\/wp-content\/uploads\/2024\/07\/Alicia-Michel-Bereldange3-aspect-ratio-300-300-300x300-1.jpg","newspack-article-block-square-intermediate-width":300,"newspack-article-block-square-intermediate-height":300,"newspack-article-block-landscape-small":"https:\/\/atschool.lu\/wp-content\/uploads\/2024\/07\/Alicia-Michel-Bereldange3-aspect-ratio-300-300-300x300-1.jpg","newspack-article-block-landscape-small-width":300,"newspack-article-block-landscape-small-height":300,"newspack-article-block-portrait-small":"https:\/\/atschool.lu\/wp-content\/uploads\/2024\/07\/Alicia-Michel-Bereldange3-aspect-ratio-300-300-300x300-1.jpg","newspack-article-block-portrait-small-width":300,"newspack-article-block-portrait-small-height":300,"newspack-article-block-square-small":"https:\/\/atschool.lu\/wp-content\/uploads\/2024\/07\/Alicia-Michel-Bereldange3-aspect-ratio-300-300-300x300-1.jpg","newspack-article-block-square-small-width":300,"newspack-article-block-square-small-height":300,"newspack-article-block-landscape-tiny":"https:\/\/atschool.lu\/wp-content\/uploads\/2024\/07\/Alicia-Michel-Bereldange3-aspect-ratio-300-300-300x300-1.jpg","newspack-article-block-landscape-tiny-width":150,"newspack-article-block-landscape-tiny-height":150,"newspack-article-block-portrait-tiny":"https:\/\/atschool.lu\/wp-content\/uploads\/2024\/07\/Alicia-Michel-Bereldange3-aspect-ratio-300-300-300x300-1.jpg","newspack-article-block-portrait-tiny-width":150,"newspack-article-block-portrait-tiny-height":150,"newspack-article-block-square-tiny":"https:\/\/atschool.lu\/wp-content\/uploads\/2024\/07\/Alicia-Michel-Bereldange3-aspect-ratio-300-300-300x300-1.jpg","newspack-article-block-square-tiny-width":200,"newspack-article-block-square-tiny-height":200,"newspack-article-block-uncropped":"https:\/\/atschool.lu\/wp-content\/uploads\/2024\/07\/Alicia-Michel-Bereldange3-aspect-ratio-300-300-300x300-1.jpg","newspack-article-block-uncropped-width":300,"newspack-article-block-uncropped-height":300}},"name_surname":"Alicia Michel","function":"Director","opening_hours":"","call_school":"26332922","send_email":"info@crechebarbara.lu","facebook":"","instagram":"","linkedin":"","address":"82A Rue de Bridel L-7217 Bereldange","description_text":"<p>La Cr\u00e8che et le Foyer de Jour Tiramis\u00f9 de Bereldange 1 sont des \u00e9tablissements qui accueillent des enfants \u00e2g\u00e9s de 3 mois \u00e0 12 ans. La structure de Bereldange 1 est  accol\u00e9e \u00e0 celle de Bereldange 2, dans deux grandes maisons jumel\u00e9es. Ces maisons sont dot\u00e9es de vastes espaces ext\u00e9rieurs comprenant une cour et un jardin de plus de 10 ares, offrant ainsi aux enfants un environnement propice \u00e0 l\u0092exploration et aux activit\u00e9s en plein air.<br \/>\n\u00c0 l\u0092int\u00e9rieur, les salles de vie sont con\u00e7ues pour offrir un espace d\u0092exploration riche en ressources. Cela permet aux enfants de d\u00e9velopper leur curiosit\u00e9, d\u0092explorer leurs int\u00e9r\u00eats et de d\u00e9couvrir de nouvelles choses. L\u0092environnement est pens\u00e9 pour favoriser l\u0092autonomie et l\u0092initiative, permettant aux enfants d\u0092apprendre et de pratiquer en fonction de leurs envies et de leur personnalit\u00e9.<\/p>\n<p>Une \u00e9ducation positive et bienveillante<br \/>\nLes cr\u00e8ches et les Foyers de Jour (\u00e9quivalent du p\u00e9riscolaire) Tiramis\u00f9 de Bereldange 1 et 2 sont dirig\u00e9s depuis mai 2022 par Alicia Michel. Titulaire d\u0092un dipl\u00f4me d\u0092Educatrice de Jeunes Enfants et d\u0092une Licence en sciences du langage, Alicia a int\u00e9gr\u00e9 le milieu de la petite enfance en 2011 en tant qu\u0092\u00e9ducatrice, avant d\u0092\u00e9voluer vers un poste de Charg\u00e9e de direction en 2017. Alicia porte une attention particuli\u00e8re au bien-\u00eatre et au d\u00e9veloppement individuel de chaque enfant.<\/p>\n<p>La Cr\u00e8che est compos\u00e9e de plusieurs groupes : de 3 mois \u00e0 2 ans et de 2 ans \u00e0 4 ans. Cette segmentation permet de r\u00e9pondre aux besoins sp\u00e9cifiques de chaque tranche d\u0092\u00e2ge et de proposer des activit\u00e9s adapt\u00e9es \u00e0 leur d\u00e9veloppement.<\/p>\n","hero_image":false,"logo":"https:\/\/atschool.lu\/wp-content\/uploads\/2024\/07\/Logo-TIRAMISU-pbGroup-1-276x300-5.png","website":"https:\/\/www.crechebarbara.lu\/creche\/creche-et-foyer-de-jour-tiramisu-bereldange-1\/","virtual_tour_tag":"Yes","virtual_tour":"https:\/\/tour.klapty.com\/vZw0lCh3OM\/?deeplinking=true&startscene=0&startactions=lookat(164.17,1.64,108.1,0,0);&fullscreentab=true","video":"","pictures":false,"brochure":"","customer_type":"Free","name_as_title":"Cr\u00e8che et Foyer de jour Tiramis\u00f9 Bereldange 1","nb_students":"","nb_of_educator":"","age_range-from":"0","age_range-to":"12","sector":"Private","language":["German","Portugues","French","Luxembourgish","English","Italian"],"reviews":"ChIJIXsKh27r9EcRxIA3UbSQy8Q","childcare_services":"","daycare_services":""},"yoast_head":"<!-- This site is optimized with the Yoast SEO plugin v27.5 - https:\/\/yoast.com\/product\/yoast-seo-wordpress\/ -->\n<title>Cr\u00e8che et Foyer de jour Tiramis\u00f9 Bereldange 1<\/title>\n<meta name=\"robots\" content=\"index, follow, max-snippet:-1, max-image-preview:large, max-video-preview:-1\" \/>\n<link rel=\"canonical\" href=\"https:\/\/atschool.lu\/childcare\/creche-et-foyer-de-jour-tiramisu-bereldange-1\/\" \/>\n<meta property=\"og:locale\" content=\"en_US\" \/>\n<meta property=\"og:type\" content=\"article\" \/>\n<meta property=\"og:title\" content=\"Cr\u00e8che et Foyer de jour Tiramis\u00f9 Bereldange 1\" \/>\n<meta property=\"og:url\" content=\"https:\/\/atschool.lu\/childcare\/creche-et-foyer-de-jour-tiramisu-bereldange-1\/\" \/>\n<meta property=\"og:site_name\" content=\"atSchool.lu\" \/>\n<meta name=\"twitter:card\" content=\"summary_large_image\" \/>\n<script type=\"application\/ld+json\" class=\"yoast-schema-graph\">{\"@context\":\"https:\\\/\\\/schema.org\",\"@graph\":[{\"@type\":\"WebPage\",\"@id\":\"https:\\\/\\\/atschool.lu\\\/childcare\\\/creche-et-foyer-de-jour-tiramisu-bereldange-1\\\/\",\"url\":\"https:\\\/\\\/atschool.lu\\\/childcare\\\/creche-et-foyer-de-jour-tiramisu-bereldange-1\\\/\",\"name\":\"Cr\u00e8che et Foyer de jour Tiramis\u00f9 Bereldange 1\",\"isPartOf\":{\"@id\":\"https:\\\/\\\/atschool.lu\\\/#website\"},\"datePublished\":\"2024-07-22T15:36:47+00:00\",\"breadcrumb\":{\"@id\":\"https:\\\/\\\/atschool.lu\\\/childcare\\\/creche-et-foyer-de-jour-tiramisu-bereldange-1\\\/#breadcrumb\"},\"inLanguage\":\"en-US\",\"potentialAction\":[{\"@type\":\"ReadAction\",\"target\":[\"https:\\\/\\\/atschool.lu\\\/childcare\\\/creche-et-foyer-de-jour-tiramisu-bereldange-1\\\/\"]}]},{\"@type\":\"BreadcrumbList\",\"@id\":\"https:\\\/\\\/atschool.lu\\\/childcare\\\/creche-et-foyer-de-jour-tiramisu-bereldange-1\\\/#breadcrumb\",\"itemListElement\":[{\"@type\":\"ListItem\",\"position\":1,\"name\":\"Home\",\"item\":\"https:\\\/\\\/atschool.lu\\\/en\\\/\"},{\"@type\":\"ListItem\",\"position\":2,\"name\":\"Childcare\",\"item\":\"https:\\\/\\\/atschool.lu\\\/childcare\\\/\"},{\"@type\":\"ListItem\",\"position\":3,\"name\":\"Cr\u00e8che et Foyer de jour Tiramis\u00f9 Bereldange 1\"}]},{\"@type\":\"WebSite\",\"@id\":\"https:\\\/\\\/atschool.lu\\\/#website\",\"url\":\"https:\\\/\\\/atschool.lu\\\/\",\"name\":\"atSchool.lu\",\"description\":\"Find the right School in Luxembourg\",\"publisher\":{\"@id\":\"https:\\\/\\\/atschool.lu\\\/#organization\"},\"potentialAction\":[{\"@type\":\"SearchAction\",\"target\":{\"@type\":\"EntryPoint\",\"urlTemplate\":\"https:\\\/\\\/atschool.lu\\\/?s={search_term_string}\"},\"query-input\":{\"@type\":\"PropertyValueSpecification\",\"valueRequired\":true,\"valueName\":\"search_term_string\"}}],\"inLanguage\":\"en-US\"},{\"@type\":\"Organization\",\"@id\":\"https:\\\/\\\/atschool.lu\\\/#organization\",\"name\":\"atSchool.lu\",\"url\":\"https:\\\/\\\/atschool.lu\\\/\",\"logo\":{\"@type\":\"ImageObject\",\"inLanguage\":\"en-US\",\"@id\":\"https:\\\/\\\/atschool.lu\\\/#\\\/schema\\\/logo\\\/image\\\/\",\"url\":\"https:\\\/\\\/atschool.lu\\\/wp-content\\\/uploads\\\/2024\\\/04\\\/Logo-atSchool.svg\",\"contentUrl\":\"https:\\\/\\\/atschool.lu\\\/wp-content\\\/uploads\\\/2024\\\/04\\\/Logo-atSchool.svg\",\"width\":119,\"height\":46,\"caption\":\"atSchool.lu\"},\"image\":{\"@id\":\"https:\\\/\\\/atschool.lu\\\/#\\\/schema\\\/logo\\\/image\\\/\"}}]}<\/script>\n<!-- \/ Yoast SEO plugin. -->","yoast_head_json":{"title":"Cr\u00e8che et Foyer de jour Tiramis\u00f9 Bereldange 1","robots":{"index":"index","follow":"follow","max-snippet":"max-snippet:-1","max-image-preview":"max-image-preview:large","max-video-preview":"max-video-preview:-1"},"canonical":"https:\/\/atschool.lu\/childcare\/creche-et-foyer-de-jour-tiramisu-bereldange-1\/","og_locale":"en_US","og_type":"article","og_title":"Cr\u00e8che et Foyer de jour Tiramis\u00f9 Bereldange 1","og_url":"https:\/\/atschool.lu\/childcare\/creche-et-foyer-de-jour-tiramisu-bereldange-1\/","og_site_name":"atSchool.lu","twitter_card":"summary_large_image","schema":{"@context":"https:\/\/schema.org","@graph":[{"@type":"WebPage","@id":"https:\/\/atschool.lu\/childcare\/creche-et-foyer-de-jour-tiramisu-bereldange-1\/","url":"https:\/\/atschool.lu\/childcare\/creche-et-foyer-de-jour-tiramisu-bereldange-1\/","name":"Cr\u00e8che et Foyer de jour Tiramis\u00f9 Bereldange 1","isPartOf":{"@id":"https:\/\/atschool.lu\/#website"},"datePublished":"2024-07-22T15:36:47+00:00","breadcrumb":{"@id":"https:\/\/atschool.lu\/childcare\/creche-et-foyer-de-jour-tiramisu-bereldange-1\/#breadcrumb"},"inLanguage":"en-US","potentialAction":[{"@type":"ReadAction","target":["https:\/\/atschool.lu\/childcare\/creche-et-foyer-de-jour-tiramisu-bereldange-1\/"]}]},{"@type":"BreadcrumbList","@id":"https:\/\/atschool.lu\/childcare\/creche-et-foyer-de-jour-tiramisu-bereldange-1\/#breadcrumb","itemListElement":[{"@type":"ListItem","position":1,"name":"Home","item":"https:\/\/atschool.lu\/en\/"},{"@type":"ListItem","position":2,"name":"Childcare","item":"https:\/\/atschool.lu\/childcare\/"},{"@type":"ListItem","position":3,"name":"Cr\u00e8che et Foyer de jour Tiramis\u00f9 Bereldange 1"}]},{"@type":"WebSite","@id":"https:\/\/atschool.lu\/#website","url":"https:\/\/atschool.lu\/","name":"atSchool.lu","description":"Find the right School in Luxembourg","publisher":{"@id":"https:\/\/atschool.lu\/#organization"},"potentialAction":[{"@type":"SearchAction","target":{"@type":"EntryPoint","urlTemplate":"https:\/\/atschool.lu\/?s={search_term_string}"},"query-input":{"@type":"PropertyValueSpecification","valueRequired":true,"valueName":"search_term_string"}}],"inLanguage":"en-US"},{"@type":"Organization","@id":"https:\/\/atschool.lu\/#organization","name":"atSchool.lu","url":"https:\/\/atschool.lu\/","logo":{"@type":"ImageObject","inLanguage":"en-US","@id":"https:\/\/atschool.lu\/#\/schema\/logo\/image\/","url":"https:\/\/atschool.lu\/wp-content\/uploads\/2024\/04\/Logo-atSchool.svg","contentUrl":"https:\/\/atschool.lu\/wp-content\/uploads\/2024\/04\/Logo-atSchool.svg","width":119,"height":46,"caption":"atSchool.lu"},"image":{"@id":"https:\/\/atschool.lu\/#\/schema\/logo\/image\/"}}]}},"jetpack_sharing_enabled":true,"_links":{"self":[{"href":"https:\/\/atschool.lu\/en\/wp-json\/wp\/v2\/childcare\/8727","targetHints":{"allow":["GET"]}}],"collection":[{"href":"https:\/\/atschool.lu\/en\/wp-json\/wp\/v2\/childcare"}],"about":[{"href":"https:\/\/atschool.lu\/en\/wp-json\/wp\/v2\/types\/childcare"}],"wp:attachment":[{"href":"https:\/\/atschool.lu\/en\/wp-json\/wp\/v2\/media?parent=8727"}],"wp:term":[{"taxonomy":"childcare-type","embeddable":true,"href":"https:\/\/atschool.lu\/en\/wp-json\/wp\/v2\/childcare-type?post=8727"},{"taxonomy":"childcare_location","embeddable":true,"href":"https:\/\/atschool.lu\/en\/wp-json\/wp\/v2\/childcare_location?post=8727"}],"curies":[{"name":"wp","href":"https:\/\/api.w.org\/{rel}","templated":true}]}}